{"id":4451,"date":"2026-05-14T21:07:07","date_gmt":"2026-05-14T19:07:07","guid":{"rendered":"https:\/\/absolument-fab.com\/melody\/?page_id=4451"},"modified":"2026-07-20T07:42:01","modified_gmt":"2026-07-20T05:42:01","slug":"about","status":"publish","type":"page","link":"https:\/\/absolument-fab.com\/melody\/about\/","title":{"rendered":"About"},"content":{"rendered":"<p>[et_pb_section fb_built=\u00a0\u00bb1&Prime; custom_padding_last_edited=\u00a0\u00bbon|desktop\u00a0\u00bb disabled_on=\u00a0\u00bboff|off|off\u00a0\u00bb module_id=\u00a0\u00bbscenographe\u00a0\u00bb _builder_version=\u00a0\u00bb4.27.5&Prime; _module_preset=\u00a0\u00bbdefault\u00a0\u00bb background_color=\u00a0\u00bb#f2f2f2&Prime; background_enable_image=\u00a0\u00bboff\u00a0\u00bb background_size=\u00a0\u00bbcustom\u00a0\u00bb background_image_width=\u00a0\u00bb33%\u00a0\u00bb background_position=\u00a0\u00bbtop_left\u00a0\u00bb background_horizontal_offset=\u00a0\u00bb2%\u00a0\u00bb z_index=\u00a0\u00bb4&Prime; module_alignment=\u00a0\u00bbcenter\u00a0\u00bb custom_margin=\u00a0\u00bb||||false|false\u00a0\u00bb custom_padding=\u00a0\u00bb6%||6%||false|false\u00a0\u00bb custom_padding_tablet=\u00a0\u00bb||||false|false\u00a0\u00bb custom_padding_phone=\u00a0\u00bb\u00a0\u00bb collapsed=\u00a0\u00bboff\u00a0\u00bb global_colors_info=\u00a0\u00bb{}\u00a0\u00bb][et_pb_row column_structure=\u00a0\u00bb1_3,2_3&Prime; use_custom_gutter=\u00a0\u00bbon\u00a0\u00bb gutter_width=\u00a0\u00bb1&Prime; make_equal=\u00a0\u00bbon\u00a0\u00bb custom_padding_last_edited=\u00a0\u00bbon|desktop\u00a0\u00bb disabled_on=\u00a0\u00bboff|off|off\u00a0\u00bb _builder_version=\u00a0\u00bb4.27.4&Prime; _module_preset=\u00a0\u00bbdefault\u00a0\u00bb width_tablet=\u00a0\u00bb\u00a0\u00bb width_phone=\u00a0\u00bb\u00a0\u00bb width_last_edited=\u00a0\u00bbon|phone\u00a0\u00bb module_alignment=\u00a0\u00bbcenter\u00a0\u00bb custom_margin=\u00a0\u00bb0px||0px||false|false\u00a0\u00bb custom_padding=\u00a0\u00bb||||false|false\u00a0\u00bb custom_padding_tablet=\u00a0\u00bb||||false|false\u00a0\u00bb custom_padding_phone=\u00a0\u00bb0px||0px||false|false\u00a0\u00bb global_colors_info=\u00a0\u00bb{}\u00a0\u00bb][et_pb_column type=\u00a0\u00bb1_3&Prime; _builder_version=\u00a0\u00bb4.25.1&Prime; _module_preset=\u00a0\u00bbdefault\u00a0\u00bb positioning=\u00a0\u00bbnone\u00a0\u00bb z_index=\u00a0\u00bb1&Prime; custom_padding=\u00a0\u00bb0px||0px||false|false\u00a0\u00bb global_colors_info=\u00a0\u00bb{}\u00a0\u00bb][et_pb_image src=\u00a0\u00bbhttps:\/\/absolument-fab.com\/melody\/wp-content\/uploads\/2026\/05\/Portrait-Melody-EXPO-CEAAC.jpg\u00a0\u00bb alt=\u00a0\u00bbPhilippe Miesch Sc\u00e9nographe\u00a0\u00bb title_text=\u00a0\u00bbPortrait M\u00e9lody EXPO CEAAC\u00a0\u00bb force_fullwidth=\u00a0\u00bbon\u00a0\u00bb _builder_version=\u00a0\u00bb4.27.7&Prime; _module_preset=\u00a0\u00bbdefault\u00a0\u00bb positioning=\u00a0\u00bbrelative\u00a0\u00bb z_index=\u00a0\u00bb3&Prime; custom_margin=\u00a0\u00bb-30px||||false|false\u00a0\u00bb custom_margin_tablet=\u00a0\u00bb20px||||false|false\u00a0\u00bb custom_margin_phone=\u00a0\u00bb20px||||false|false\u00a0\u00bb custom_margin_last_edited=\u00a0\u00bbon|phone\u00a0\u00bb scroll_vertical_motion=\u00a0\u00bb0|50|50|100|0.5|0|-0.5&Prime; scroll_vertical_motion_tablet=\u00a0\u00bb0|50|50|100|0|0|0&Prime; scroll_vertical_motion_phone=\u00a0\u00bb0|50|50|100|0|0|0&Prime; scroll_vertical_motion_last_edited=\u00a0\u00bbon|phone\u00a0\u00bb global_colors_info=\u00a0\u00bb{}\u00a0\u00bb][\/et_pb_image][\/et_pb_column][et_pb_column type=\u00a0\u00bb2_3&Prime; _builder_version=\u00a0\u00bb4.27.4&Prime; _module_preset=\u00a0\u00bbdefault\u00a0\u00bb background_enable_color=\u00a0\u00bboff\u00a0\u00bb positioning=\u00a0\u00bbnone\u00a0\u00bb z_index=\u00a0\u00bb5&Prime; custom_padding=\u00a0\u00bb0px||0px||false|false\u00a0\u00bb global_colors_info=\u00a0\u00bb{}\u00a0\u00bb][et_pb_text _builder_version=\u00a0\u00bb4.27.7&Prime; _module_preset=\u00a0\u00bbdefault\u00a0\u00bb text_text_color=\u00a0\u00bb#000000&Prime; header_text_color=\u00a0\u00bb#FFFFFF\u00a0\u00bb background_color=\u00a0\u00bb#FFFFFF\u00a0\u00bb positioning=\u00a0\u00bbrelative\u00a0\u00bb z_index=\u00a0\u00bb1&Prime; custom_padding=\u00a0\u00bb40px|30px|40px|50px|true|false\u00a0\u00bb custom_padding_tablet=\u00a0\u00bb20px|20px|20px|20px|true|false\u00a0\u00bb custom_padding_phone=\u00a0\u00bb20px|20px|20px|20px|true|false\u00a0\u00bb custom_padding_last_edited=\u00a0\u00bbon|phone\u00a0\u00bb hover_enabled=\u00a0\u00bb0&Prime; global_colors_info=\u00a0\u00bb{}\u00a0\u00bb sticky_enabled=\u00a0\u00bb0&Prime;]<\/p>\n<p><strong>M\u00e9lody Seiwert<\/strong> (1960 \u00e0 Thionville\/F)<\/p>\n<p style=\"text-align: left;\">Vit et travaille \u00e0 Strasbourg<\/p>\n<p style=\"text-align: left;\" align=\"justify\">M\u00e9lody Seiwert est photographe plasticienne. R\u00e9compens\u00e9e par plusieurs prix et r\u00e9sidences, elle a men\u00e9 des projets en Europe de l\u2019Est, en Afrique et en Alsace. Expos\u00e9e en France et \u00e0 l\u2019international, ses \u0153uvres sont pr\u00e9sentes dans des collections publiques et priv\u00e9es, notamment \u00e0 la Biblioth\u00e8que nationale de France.<\/p>\n<p style=\"text-align: left;\">De ses premiers portraits humanistes \u00e0 une photographie exp\u00e9rimentale et organique, elle tisse une \u0153uvre singuli\u00e8re tourn\u00e9e vers la vuln\u00e9rabilit\u00e9 et l\u2019impermanence de la vie, dont elle r\u00e9v\u00e8le l\u2019alchimie sensible.<\/p>\n<p>[\/et_pb_text][\/et_pb_column][\/et_pb_row][et_pb_row column_structure=\u00a0\u00bb1_3,2_3&Prime; use_custom_gutter=\u00a0\u00bbon\u00a0\u00bb gutter_width=\u00a0\u00bb1&Prime; make_equal=\u00a0\u00bbon\u00a0\u00bb custom_padding_last_edited=\u00a0\u00bbon|desktop\u00a0\u00bb disabled_on=\u00a0\u00bboff|off|off\u00a0\u00bb _builder_version=\u00a0\u00bb4.27.4&Prime; _module_preset=\u00a0\u00bbdefault\u00a0\u00bb width_tablet=\u00a0\u00bb\u00a0\u00bb width_phone=\u00a0\u00bb\u00a0\u00bb width_last_edited=\u00a0\u00bbon|phone\u00a0\u00bb module_alignment=\u00a0\u00bbcenter\u00a0\u00bb custom_margin=\u00a0\u00bb0px||0px||false|false\u00a0\u00bb custom_padding=\u00a0\u00bb||||false|false\u00a0\u00bb custom_padding_tablet=\u00a0\u00bb||||false|false\u00a0\u00bb custom_padding_phone=\u00a0\u00bb0px||0px||false|false\u00a0\u00bb global_colors_info=\u00a0\u00bb{}\u00a0\u00bb][et_pb_column type=\u00a0\u00bb1_3&Prime; _builder_version=\u00a0\u00bb4.25.1&Prime; _module_preset=\u00a0\u00bbdefault\u00a0\u00bb positioning=\u00a0\u00bbnone\u00a0\u00bb z_index=\u00a0\u00bb1&Prime; custom_padding=\u00a0\u00bb0px||0px||false|false\u00a0\u00bb global_colors_info=\u00a0\u00bb{}\u00a0\u00bb][et_pb_image src=\u00a0\u00bbhttps:\/\/absolument-fab.com\/melody\/wp-content\/uploads\/2026\/05\/VUE-EXPO-DES-HERBES-FOLLES-Regionale-21-Au-CEAAC-.jpg\u00a0\u00bb alt=\u00a0\u00bbPhilippe Miesch Sc\u00e9nographe\u00a0\u00bb title_text=\u00a0\u00bbVUE EXPO DES HERBES FOLLES Regionale 21 Au CEAAC\u00a0\u00bb force_fullwidth=\u00a0\u00bbon\u00a0\u00bb _builder_version=\u00a0\u00bb4.27.7&Prime; _module_preset=\u00a0\u00bbdefault\u00a0\u00bb positioning=\u00a0\u00bbrelative\u00a0\u00bb z_index=\u00a0\u00bb3&Prime; custom_margin=\u00a0\u00bb150px|-9px|||false|false\u00a0\u00bb custom_margin_tablet=\u00a0\u00bb0px||||false|false\u00a0\u00bb custom_margin_phone=\u00a0\u00bb0px||||false|false\u00a0\u00bb custom_margin_last_edited=\u00a0\u00bbon|desktop\u00a0\u00bb scroll_vertical_motion=\u00a0\u00bb0|50|50|100|0.5|0|-0.5&Prime; global_colors_info=\u00a0\u00bb{}\u00a0\u00bb][\/et_pb_image][et_pb_text _builder_version=\u00a0\u00bb4.27.7&Prime; _module_preset=\u00a0\u00bbdefault\u00a0\u00bb global_colors_info=\u00a0\u00bb{}\u00a0\u00bb]<\/p>\n<p>Exposition des Herbes folles au CEAAC<\/p>\n<p>&nbsp;<\/p>\n<p>[\/et_pb_text][\/et_pb_column][et_pb_column type=\u00a0\u00bb2_3&Prime; _builder_version=\u00a0\u00bb4.27.4&Prime; _module_preset=\u00a0\u00bbdefault\u00a0\u00bb background_enable_color=\u00a0\u00bboff\u00a0\u00bb positioning=\u00a0\u00bbnone\u00a0\u00bb z_index=\u00a0\u00bb5&Prime; custom_padding=\u00a0\u00bb0px||0px||false|false\u00a0\u00bb global_colors_info=\u00a0\u00bb{}\u00a0\u00bb][et_pb_text _builder_version=\u00a0\u00bb4.27.5&Prime; _module_preset=\u00a0\u00bbdefault\u00a0\u00bb text_text_color=\u00a0\u00bb#000000&Prime; text_font_size=\u00a0\u00bb13px\u00a0\u00bb header_text_color=\u00a0\u00bb#FFFFFF\u00a0\u00bb background_color=\u00a0\u00bb#FFFFFF\u00a0\u00bb positioning=\u00a0\u00bbrelative\u00a0\u00bb z_index=\u00a0\u00bb1&Prime; custom_padding=\u00a0\u00bb40px|30px|40px|50px|true|false\u00a0\u00bb custom_padding_tablet=\u00a0\u00bb20px|20px|20px|20px|true|false\u00a0\u00bb custom_padding_phone=\u00a0\u00bb20px|20px|20px|20px|true|false\u00a0\u00bb custom_padding_last_edited=\u00a0\u00bbon|phone\u00a0\u00bb global_colors_info=\u00a0\u00bb{}\u00a0\u00bb]<\/p>\n<h2>Expositions personnelles<\/h2>\n<p>2025 CINE DE BUSSIERE, Strasbourg&gt;<br \/>2023 GALERIE BEATRICE WOLFF, Strasbourg \/ Galerie des Arts, Palais de l\u2019Europe, Strasbourg<br \/>2022 CEPAGRAP, Saint-Di\u00e9-des-Vosges<br \/>2021 GALERIE 170, Poitiers<br \/>2020 Acad\u00e9mie de Freiburg &#8211; Allemagne<br \/>2019 Galerie HORS CHAMPS 75003, Paris \/ Festival International de G\u00e9ographie, Saint Di\u00e9<br \/>2018 BIENNALE DE L\u2019IMAGE TANGIBLE, Galerie Plateforme, Paris<br \/>2017 Galerie Sloan, Strasbourg<br \/>2016 GALERIE 170, Poitiers<br \/>2015 Galerie des Arts, Palais de l\u2019Europe, Strasbourg<br \/>2011 Galerie Espace Temps, Mulhouse \/ Festival Strasbourg M\u00e9diterran\u00e9e, Strasbourg<br \/>2010 Festival C.I.C.A.C.K, Cameroun \/ Espace l\u2019Evasion, S\u00e9lestat<br \/>2009 \u00e0 2010 UNE AUTRE VIE S\u2019INVENTE ICI &#8211; Exposition itin\u00e9rante, Grand Est<br \/>2007 SCARIFICATIONS &#8211; Espace international du CEAAC, Strasbourg<br \/>2007 \u00e0 2005 PORTRAITS DE CENTENAIRES EN ALSACE &#8211; Exposition itin\u00e9rante, Grand Est<br \/>2003 Galerie Mailletz, Paris<br \/>1999 H\u00f4tel de Ville, Strasbourg<br \/>1998 Galerie L\u00e9zard, Colmar<br \/>1996 Centre Europ\u00e9en de la Jeunesse, Budapest &#8211; Hongrie<br \/>1995 Galerie Arcane, S\u00e9lestat<br \/>1993 Espace d\u2019exposition Aides Alsace, Strasbourg<br \/>1992 Jardin Botanique, Strasbourg 1989 Galerie Gabrielle Fliegans, Strasbourg<\/p>\n<h2>\u00a0<\/h2>\n<h2>Expositions collectives<\/h2>\n<p>2026 Between buildings and Flowers &#8211; Ertskade &#8211; Amsterdam<br \/>2026 Haus Salmegg, Rheinfelden &#8211; Allemagne<br \/>2023 FOIRE MEDITERRANEENNE DES ARTS CONTEMPORAINS &#8211; GALERIE BEATRICE WOLFF, Montpelliers GALERIE BEATRICE WOLFF, Strasbourg \/ MUSEE MANUEL TORRES, Galice &#8211; Espagne<br \/>2021 R\u00e9gionales 21,FABRIKculture, H\u00e9genheim<br \/>2020 R\u00e9gionales 20, CEAAC, Strasbourg<br \/>2019 BILDER UND WORTE, Landratsamt Walshut &#8211; Allemagne<br \/>2017 Stimultania, Strasbourg \/ Galerie 170, Poitiers<br \/>2016 Galerie Sloan, Strasbourg<br \/>2015 BASTION COMMUN, Barrage Vauban, Strasbourg \/ Galerie l\u2019Escalier, Brumath 2014 Cine Bussi\u00e8re &#8211; Strasbourg<br \/>2011 \u00e0 2014 ATELIERS OUVERTS &#8211; Bastion 14 &#8211; Strasbourg<br \/>2002 Association Arts Plan\u00e8te, Paris \/ Association ASART, Strasbourg<br \/>2001 START, Club de la Presse, Strasbourg<\/p>\n<h2>\u00a0<\/h2>\n<h2>Filmographie<\/h2>\n<p>2007 LES YEUX DE MELODY (26\u2019) Film documentaire coproduit par Les Films de l\u2019Europe et France 3<br \/>2004 PORTRAITS DE CENTENAIRES &#8211; Emission \u00ab C\u2019est mieux ensemble \u00bb France 3<\/p>\n<p>&nbsp;<\/p>\n<p>[\/et_pb_text][\/et_pb_column][\/et_pb_row][\/et_pb_section]<\/p>\n","protected":false},"excerpt":{"rendered":"<p>M\u00e9lody Seiwert (1960 \u00e0 Thionville\/F) Vit et travaille \u00e0 Strasbourg M\u00e9lody Seiwert est photographe plasticienne. R\u00e9compens\u00e9e par plusieurs prix et r\u00e9sidences, elle a men\u00e9 des projets en Europe de l\u2019Est, en Afrique et en Alsace. Expos\u00e9e en France et \u00e0 l\u2019international, ses \u0153uvres sont pr\u00e9sentes dans des collections publiques et priv\u00e9es, notamment \u00e0 la Biblioth\u00e8que [&hellip;]<\/p>\n","protected":false},"author":1,"featured_media":0,"parent":0,"menu_order":5,"comment_status":"closed","ping_status":"closed","template":"","meta":{"_et_pb_use_builder":"on","_et_pb_old_content":"","_et_gb_content_width":"","inline_featured_image":false,"footnotes":""},"class_list":["post-4451","page","type-page","status-publish","hentry"],"_links":{"self":[{"href":"https:\/\/absolument-fab.com\/melody\/wp-json\/wp\/v2\/pages\/4451","targetHints":{"allow":["GET"]}}],"collection":[{"href":"https:\/\/absolument-fab.com\/melody\/wp-json\/wp\/v2\/pages"}],"about":[{"href":"https:\/\/absolument-fab.com\/melody\/wp-json\/wp\/v2\/types\/page"}],"author":[{"embeddable":true,"href":"https:\/\/absolument-fab.com\/melody\/wp-json\/wp\/v2\/users\/1"}],"replies":[{"embeddable":true,"href":"https:\/\/absolument-fab.com\/melody\/wp-json\/wp\/v2\/comments?post=4451"}],"version-history":[{"count":24,"href":"https:\/\/absolument-fab.com\/melody\/wp-json\/wp\/v2\/pages\/4451\/revisions"}],"predecessor-version":[{"id":7384,"href":"https:\/\/absolument-fab.com\/melody\/wp-json\/wp\/v2\/pages\/4451\/revisions\/7384"}],"wp:attachment":[{"href":"https:\/\/absolument-fab.com\/melody\/wp-json\/wp\/v2\/media?parent=4451"}],"curies":[{"name":"wp","href":"https:\/\/api.w.org\/{rel}","templated":true}]}}