{"id":5573,"date":"2026-05-21T17:17:59","date_gmt":"2026-05-21T15:17:59","guid":{"rendered":"https:\/\/absolument-fab.com\/melody\/?page_id=5573"},"modified":"2026-08-18T15:26:20","modified_gmt":"2026-08-18T13:26:20","slug":"geographies-humaines-portraits-et-territoires","status":"publish","type":"page","link":"https:\/\/absolument-fab.com\/melody\/geographies-humaines-portraits-et-territoires\/","title":{"rendered":"Photographies documentaires"},"content":{"rendered":"<p>[et_pb_section fb_built=\u00a0\u00bb1&Prime; admin_label=\u00a0\u00bbPROJETS\u00a0\u00bb module_id=\u00a0\u00bbvegetal\u00a0\u00bb _builder_version=\u00a0\u00bb4.27.7&Prime; _module_preset=\u00a0\u00bbdefault\u00a0\u00bb background_enable_color=\u00a0\u00bboff\u00a0\u00bb background_enable_image=\u00a0\u00bboff\u00a0\u00bb background_size=\u00a0\u00bbcustom\u00a0\u00bb background_image_height=\u00a0\u00bb74%\u00a0\u00bb background_position=\u00a0\u00bbtop_right\u00a0\u00bb background_horizontal_offset=\u00a0\u00bb70%\u00a0\u00bb background_vertical_offset=\u00a0\u00bb5%\u00a0\u00bb positioning=\u00a0\u00bbnone\u00a0\u00bb position_origin_a=\u00a0\u00bbtop_center\u00a0\u00bb vertical_offset=\u00a0\u00bb563px\u00a0\u00bb z_index=\u00a0\u00bb5&Prime; custom_margin=\u00a0\u00bb||||false|false\u00a0\u00bb custom_margin_tablet=\u00a0\u00bb20px||||false|false\u00a0\u00bb custom_margin_phone=\u00a0\u00bb20px||||false|false\u00a0\u00bb custom_margin_last_edited=\u00a0\u00bbon|phone\u00a0\u00bb custom_padding=\u00a0\u00bb30px||30px||false|false\u00a0\u00bb animation_direction=\u00a0\u00bbbottom\u00a0\u00bb hover_transition_speed_curve=\u00a0\u00bbease-in-out\u00a0\u00bb scroll_vertical_motion=\u00a0\u00bb10|50|50|100|0|0|0&Prime; scroll_fade=\u00a0\u00bb0|35|35|100|0|100|100&Prime; motion_trigger_start=\u00a0\u00bbtop\u00a0\u00bb global_colors_info=\u00a0\u00bb{}\u00a0\u00bb][et_pb_row use_custom_gutter=\u00a0\u00bbon\u00a0\u00bb gutter_width=\u00a0\u00bb2&Prime; _builder_version=\u00a0\u00bb4.27.7&Prime; _module_preset=\u00a0\u00bbdefault\u00a0\u00bb z_index=\u00a0\u00bb3&Prime; custom_margin=\u00a0\u00bb0px||0px||false|false\u00a0\u00bb custom_padding=\u00a0\u00bb0px||0px||false|false\u00a0\u00bb global_colors_info=\u00a0\u00bb{}\u00a0\u00bb][et_pb_column type=\u00a0\u00bb4_4&Prime; _builder_version=\u00a0\u00bb4.27.6&Prime; _module_preset=\u00a0\u00bbdefault\u00a0\u00bb global_colors_info=\u00a0\u00bb{}\u00a0\u00bb][et_pb_text _builder_version=\u00a0\u00bb4.27.7&Prime; _module_preset=\u00a0\u00bbdefault\u00a0\u00bb header_text_color=\u00a0\u00bb#910015&Prime; header_font_size=\u00a0\u00bb50px\u00a0\u00bb header_line_height=\u00a0\u00bb1.3em\u00a0\u00bb header_3_text_color=\u00a0\u00bb#910015&Prime; header_3_font_size=\u00a0\u00bb50px\u00a0\u00bb hover_enabled=\u00a0\u00bb0&Prime; header_font_size_tablet=\u00a0\u00bb30px\u00a0\u00bb header_font_size_phone=\u00a0\u00bb30px\u00a0\u00bb header_font_size_last_edited=\u00a0\u00bbon|phone\u00a0\u00bb header_3_font_size_tablet=\u00a0\u00bb28px\u00a0\u00bb header_3_font_size_phone=\u00a0\u00bb28px\u00a0\u00bb header_3_font_size_last_edited=\u00a0\u00bbon|phone\u00a0\u00bb global_colors_info=\u00a0\u00bb{}\u00a0\u00bb sticky_enabled=\u00a0\u00bb0&Prime;]<\/p>\n<h1 style=\"text-align: center;\">Photographies documentaires<\/h1>\n<p>[\/et_pb_text][\/et_pb_column][\/et_pb_row][\/et_pb_section][et_pb_section fb_built=\u00a0\u00bb1&Prime; admin_label=\u00a0\u00bbPROJETS\u00a0\u00bb module_id=\u00a0\u00bbvisage\u00a0\u00bb module_class=\u00a0\u00bbdc_inverser_colonnes-section\u00a0\u00bb _builder_version=\u00a0\u00bb4.27.7&Prime; _module_preset=\u00a0\u00bbdefault\u00a0\u00bb background_color=\u00a0\u00bb#FFFFFF\u00a0\u00bb positioning=\u00a0\u00bbnone\u00a0\u00bb position_origin_a=\u00a0\u00bbtop_center\u00a0\u00bb vertical_offset=\u00a0\u00bb563px\u00a0\u00bb z_index=\u00a0\u00bb5&Prime; custom_margin=\u00a0\u00bb||||false|false\u00a0\u00bb custom_padding=\u00a0\u00bb||||false|false\u00a0\u00bb animation_direction=\u00a0\u00bbbottom\u00a0\u00bb hover_transition_speed_curve=\u00a0\u00bbease-in-out\u00a0\u00bb scroll_vertical_motion=\u00a0\u00bb10|50|50|100|0|0|0&Prime; scroll_fade=\u00a0\u00bb0|35|35|100|0|100|100&Prime; motion_trigger_start=\u00a0\u00bbtop\u00a0\u00bb global_colors_info=\u00a0\u00bb{}\u00a0\u00bb][et_pb_row column_structure=\u00a0\u00bb3_5,2_5&Prime; module_class=\u00a0\u00bbproj dc_inverser_colonnes-ligne\u00a0\u00bb _builder_version=\u00a0\u00bb4.27.7&Prime; _module_preset=\u00a0\u00bbdefault\u00a0\u00bb width_tablet=\u00a0\u00bb96%\u00a0\u00bb width_phone=\u00a0\u00bb96%\u00a0\u00bb width_last_edited=\u00a0\u00bbon|desktop\u00a0\u00bb module_alignment=\u00a0\u00bbcenter\u00a0\u00bb custom_padding=\u00a0\u00bb||||false|false\u00a0\u00bb global_colors_info=\u00a0\u00bb{}\u00a0\u00bb][et_pb_column type=\u00a0\u00bb3_5&Prime; _builder_version=\u00a0\u00bb4.27.4&Prime; _module_preset=\u00a0\u00bbdefault\u00a0\u00bb global_colors_info=\u00a0\u00bb{}\u00a0\u00bb][et_pb_filterable_portfolio fullwidth=\u00a0\u00bboff\u00a0\u00bb posts_number=\u00a0\u00bb11000&Prime; include_categories=\u00a0\u00bb53,52,55,56,54&Prime; show_categories=\u00a0\u00bboff\u00a0\u00bb zoom_icon_color=\u00a0\u00bbrgba(255,255,255,0.64)\u00a0\u00bb hover_overlay_color=\u00a0\u00bbrgba(0,27,35,0.45)\u00a0\u00bb hover_icon=\u00a0\u00bb&#xe03c;||divi||400&Prime; admin_label=\u00a0\u00bbPortefeuille filtrable\u00a0\u00bb _builder_version=\u00a0\u00bb4.27.6&Prime; _module_preset=\u00a0\u00bbdefault\u00a0\u00bb title_font=\u00a0\u00bbNoto Sans Gurmukhi|||on|||||\u00a0\u00bb title_text_color=\u00a0\u00bb#000000&Prime; title_font_size=\u00a0\u00bb11px\u00a0\u00bb title_letter_spacing=\u00a0\u00bb1px\u00a0\u00bb title_line_height=\u00a0\u00bb1.5em\u00a0\u00bb filter_font=\u00a0\u00bbNoto Sans Gurmukhi||||||||\u00a0\u00bb filter_font_size=\u00a0\u00bb11px\u00a0\u00bb filter_line_height=\u00a0\u00bb1.9em\u00a0\u00bb global_colors_info=\u00a0\u00bb{}\u00a0\u00bb][\/et_pb_filterable_portfolio][\/et_pb_column][et_pb_column type=\u00a0\u00bb2_5&Prime; _builder_version=\u00a0\u00bb4.27.4&Prime; _module_preset=\u00a0\u00bbdefault\u00a0\u00bb global_colors_info=\u00a0\u00bb{}\u00a0\u00bb][et_pb_text _builder_version=\u00a0\u00bb4.27.7&Prime; _module_preset=\u00a0\u00bbdefault\u00a0\u00bb text_font_size=\u00a0\u00bb14px\u00a0\u00bb header_text_color=\u00a0\u00bb#000000&Prime; custom_padding=\u00a0\u00bb||40px|30px|false|false\u00a0\u00bb custom_padding_tablet=\u00a0\u00bb40px||20px|0px|false|false\u00a0\u00bb custom_padding_phone=\u00a0\u00bb|||0px|false|false\u00a0\u00bb custom_padding_last_edited=\u00a0\u00bbon|phone\u00a0\u00bb header_font_size_tablet=\u00a0\u00bb30px\u00a0\u00bb header_font_size_phone=\u00a0\u00bb30px\u00a0\u00bb header_font_size_last_edited=\u00a0\u00bbon|phone\u00a0\u00bb border_width_left=\u00a0\u00bb1px\u00a0\u00bb border_color_left=\u00a0\u00bbrgba(0,0,0,0.5)\u00a0\u00bb border_width_left_tablet=\u00a0\u00bb0px\u00a0\u00bb border_width_left_phone=\u00a0\u00bb0px\u00a0\u00bb border_width_left_last_edited=\u00a0\u00bbon|phone\u00a0\u00bb global_colors_info=\u00a0\u00bb{}\u00a0\u00bb]<\/p>\n<h2 style=\"text-align: justify; margin-bottom: 20px;\">Visages d\u2019ici et ailleurs<\/h2>\n<p>Qu\u2019il s\u2019agisse de centenaires alsaciens, de communaut\u00e9s roms, de visages crois\u00e9s en Afrique ou ailleurs, elle cherche \u00e0 cr\u00e9er des images qui racontent des vies, des trajectoires, des identit\u00e9s . Ces s\u00e9ries sont autant de fen\u00eatres ouvertes sur le monde, o\u00f9 la photographie devient un lien, un dialogue, une mani\u00e8re de rendre visible la beaut\u00e9 humaine.<\/p>\n<p>[\/et_pb_text][\/et_pb_column][\/et_pb_row][\/et_pb_section][et_pb_section fb_built=\u00a0\u00bb1&Prime; admin_label=\u00a0\u00bbPROJETS\u00a0\u00bb module_id=\u00a0\u00bbidentite\u00a0\u00bb _builder_version=\u00a0\u00bb4.27.7&Prime; _module_preset=\u00a0\u00bbdefault\u00a0\u00bb background_enable_color=\u00a0\u00bboff\u00a0\u00bb positioning=\u00a0\u00bbnone\u00a0\u00bb position_origin_a=\u00a0\u00bbtop_center\u00a0\u00bb vertical_offset=\u00a0\u00bb563px\u00a0\u00bb z_index=\u00a0\u00bb5&Prime; custom_margin=\u00a0\u00bb||||false|false\u00a0\u00bb custom_padding=\u00a0\u00bb||||false|false\u00a0\u00bb animation_direction=\u00a0\u00bbbottom\u00a0\u00bb hover_transition_speed_curve=\u00a0\u00bbease-in-out\u00a0\u00bb scroll_vertical_motion=\u00a0\u00bb10|50|50|100|0|0|0&Prime; scroll_fade=\u00a0\u00bb0|35|35|100|0|100|100&Prime; motion_trigger_start=\u00a0\u00bbtop\u00a0\u00bb global_colors_info=\u00a0\u00bb{}\u00a0\u00bb][et_pb_row column_structure=\u00a0\u00bb2_5,3_5&Prime; module_class=\u00a0\u00bbproj\u00a0\u00bb _builder_version=\u00a0\u00bb4.27.7&Prime; _module_preset=\u00a0\u00bbdefault\u00a0\u00bb width_tablet=\u00a0\u00bb96%\u00a0\u00bb width_phone=\u00a0\u00bb96%\u00a0\u00bb width_last_edited=\u00a0\u00bbon|desktop\u00a0\u00bb module_alignment=\u00a0\u00bbcenter\u00a0\u00bb custom_padding=\u00a0\u00bb||||false|false\u00a0\u00bb global_colors_info=\u00a0\u00bb{}\u00a0\u00bb][et_pb_column type=\u00a0\u00bb2_5&Prime; _builder_version=\u00a0\u00bb4.27.4&Prime; _module_preset=\u00a0\u00bbdefault\u00a0\u00bb global_colors_info=\u00a0\u00bb{}\u00a0\u00bb][et_pb_text _builder_version=\u00a0\u00bb4.27.7&Prime; _module_preset=\u00a0\u00bbdefault\u00a0\u00bb text_font_size=\u00a0\u00bb14px\u00a0\u00bb header_text_color=\u00a0\u00bb#000000&Prime; custom_padding=\u00a0\u00bb|30px|40px||false|false\u00a0\u00bb custom_padding_tablet=\u00a0\u00bb40px|0px|20px||false|false\u00a0\u00bb custom_padding_phone=\u00a0\u00bb40px|0px|20px||false|false\u00a0\u00bb custom_padding_last_edited=\u00a0\u00bbon|phone\u00a0\u00bb header_font_size_tablet=\u00a0\u00bb30px\u00a0\u00bb header_font_size_phone=\u00a0\u00bb30px\u00a0\u00bb header_font_size_last_edited=\u00a0\u00bbon|phone\u00a0\u00bb border_width_right=\u00a0\u00bb1px\u00a0\u00bb border_color_right=\u00a0\u00bbrgba(0,0,0,0.5)\u00a0\u00bb border_width_right_tablet=\u00a0\u00bb0px\u00a0\u00bb border_width_right_phone=\u00a0\u00bb0px\u00a0\u00bb border_width_right_last_edited=\u00a0\u00bbon|desktop\u00a0\u00bb global_colors_info=\u00a0\u00bb{}\u00a0\u00bb]<\/p>\n<h2 style=\"text-align: left;\">Identit\u00e9s &amp; Territoires<\/h2>\n<p>Ses projets culturels s\u2019inscrivent dans une d\u00e9marche documentaire et sociale.<br \/>Ils naissent de rencontres, d\u2019ateliers, de r\u00e9cits partag\u00e9s, de temps pass\u00e9s dans les quartiers ou dans le parc des ballons des Vosges.<br \/>Elle s\u2019int\u00e9resse aux trajectoires migratoires, aux histoires de vie, aux liens qui unissent les habitants \u00e0 leur territoire.<br \/>Ces projets donnent forme \u00e0 une m\u00e9moire collective, sensible et vivante. Ils cr\u00e9ent des espaces o\u00f9 chacun peut se raconter, se reconna\u00eetre, se r\u00e9approprier son histoire.<br \/>La photographie y devient un outil de transmission, de valorisation, de coh\u00e9sion.<\/p>\n<p>[\/et_pb_text][\/et_pb_column][et_pb_column type=\u00a0\u00bb3_5&Prime; _builder_version=\u00a0\u00bb4.27.4&Prime; _module_preset=\u00a0\u00bbdefault\u00a0\u00bb global_colors_info=\u00a0\u00bb{}\u00a0\u00bb][et_pb_filterable_portfolio fullwidth=\u00a0\u00bboff\u00a0\u00bb posts_number=\u00a0\u00bb11000&Prime; include_categories=\u00a0\u00bb58,59,60&Prime; show_categories=\u00a0\u00bboff\u00a0\u00bb zoom_icon_color=\u00a0\u00bbrgba(255,255,255,0.64)\u00a0\u00bb hover_overlay_color=\u00a0\u00bbrgba(0,27,35,0.45)\u00a0\u00bb hover_icon=\u00a0\u00bb&#xe03c;||divi||400&Prime; admin_label=\u00a0\u00bbPortefeuille filtrable\u00a0\u00bb _builder_version=\u00a0\u00bb4.27.6&Prime; _module_preset=\u00a0\u00bbdefault\u00a0\u00bb title_font=\u00a0\u00bbNoto Sans Gurmukhi|||on|||||\u00a0\u00bb title_text_color=\u00a0\u00bb#000000&Prime; title_font_size=\u00a0\u00bb11px\u00a0\u00bb title_letter_spacing=\u00a0\u00bb1px\u00a0\u00bb title_line_height=\u00a0\u00bb1.5em\u00a0\u00bb filter_font=\u00a0\u00bbNoto Sans Gurmukhi||||||||\u00a0\u00bb filter_font_size=\u00a0\u00bb11px\u00a0\u00bb filter_line_height=\u00a0\u00bb1.9em\u00a0\u00bb custom_css_free_form=\u00a0\u00bb.et_pb_filterable_portfolio_1.et_pb_filterable_portfolio .et_pb_portfolio_filter {||||    display: none;||}\u00a0\u00bb global_colors_info=\u00a0\u00bb{}\u00a0\u00bb][\/et_pb_filterable_portfolio][\/et_pb_column][\/et_pb_row][\/et_pb_section]<\/p>\n","protected":false},"excerpt":{"rendered":"<p>Photographies documentairesVisages d\u2019ici et ailleurs Qu\u2019il s\u2019agisse de centenaires alsaciens, de communaut\u00e9s roms, de visages crois\u00e9s en Afrique ou ailleurs, elle cherche \u00e0 cr\u00e9er des images qui racontent des vies, des trajectoires, des identit\u00e9s . Ces s\u00e9ries sont autant de fen\u00eatres ouvertes sur le monde, o\u00f9 la photographie devient un lien, un dialogue, une mani\u00e8re [&hellip;]<\/p>\n","protected":false},"author":1,"featured_media":0,"parent":0,"menu_order":1,"comment_status":"closed","ping_status":"closed","template":"","meta":{"_et_pb_use_builder":"on","_et_pb_old_content":"","_et_gb_content_width":"","inline_featured_image":false,"footnotes":""},"class_list":["post-5573","page","type-page","status-publish","hentry"],"_links":{"self":[{"href":"https:\/\/absolument-fab.com\/melody\/wp-json\/wp\/v2\/pages\/5573","targetHints":{"allow":["GET"]}}],"collection":[{"href":"https:\/\/absolument-fab.com\/melody\/wp-json\/wp\/v2\/pages"}],"about":[{"href":"https:\/\/absolument-fab.com\/melody\/wp-json\/wp\/v2\/types\/page"}],"author":[{"embeddable":true,"href":"https:\/\/absolument-fab.com\/melody\/wp-json\/wp\/v2\/users\/1"}],"replies":[{"embeddable":true,"href":"https:\/\/absolument-fab.com\/melody\/wp-json\/wp\/v2\/comments?post=5573"}],"version-history":[{"count":37,"href":"https:\/\/absolument-fab.com\/melody\/wp-json\/wp\/v2\/pages\/5573\/revisions"}],"predecessor-version":[{"id":7695,"href":"https:\/\/absolument-fab.com\/melody\/wp-json\/wp\/v2\/pages\/5573\/revisions\/7695"}],"wp:attachment":[{"href":"https:\/\/absolument-fab.com\/melody\/wp-json\/wp\/v2\/media?parent=5573"}],"curies":[{"name":"wp","href":"https:\/\/api.w.org\/{rel}","templated":true}]}}