{"id":6573,"date":"2026-07-07T13:00:26","date_gmt":"2026-07-07T11:00:26","guid":{"rendered":"https:\/\/absolument-fab.com\/melody\/?page_id=6573"},"modified":"2026-07-07T16:26:05","modified_gmt":"2026-07-07T14:26:05","slug":"ecrits","status":"publish","type":"page","link":"https:\/\/absolument-fab.com\/melody\/ecrits\/","title":{"rendered":"\u00c9crits"},"content":{"rendered":"<p>[et_pb_section fb_built=\u00a0\u00bb1&Prime; custom_padding_last_edited=\u00a0\u00bbon|phone\u00a0\u00bb disabled_on=\u00a0\u00bboff|off|off\u00a0\u00bb module_id=\u00a0\u00bbscenographe\u00a0\u00bb _builder_version=\u00a0\u00bb4.27.7&Prime; _module_preset=\u00a0\u00bbdefault\u00a0\u00bb background_color=\u00a0\u00bb#f2f2f2&Prime; background_enable_image=\u00a0\u00bboff\u00a0\u00bb background_size=\u00a0\u00bbcustom\u00a0\u00bb background_image_width=\u00a0\u00bb33%\u00a0\u00bb background_position=\u00a0\u00bbtop_left\u00a0\u00bb background_horizontal_offset=\u00a0\u00bb2%\u00a0\u00bb z_index=\u00a0\u00bb4&Prime; module_alignment=\u00a0\u00bbcenter\u00a0\u00bb custom_margin=\u00a0\u00bb||||false|false\u00a0\u00bb custom_padding=\u00a0\u00bb||||false|false\u00a0\u00bb custom_padding_tablet=\u00a0\u00bb||20px||false|false\u00a0\u00bb custom_padding_phone=\u00a0\u00bb||20px||false|false\u00a0\u00bb hover_enabled=\u00a0\u00bb0&Prime; collapsed=\u00a0\u00bboff\u00a0\u00bb global_colors_info=\u00a0\u00bb{}\u00a0\u00bb sticky_enabled=\u00a0\u00bb0&Prime; custom_margin_last_edited=\u00a0\u00bbon|phone\u00a0\u00bb custom_margin_tablet=\u00a0\u00bb||0px||false|false\u00a0\u00bb custom_margin_phone=\u00a0\u00bb||0px||false|false\u00a0\u00bb][et_pb_row _builder_version=\u00a0\u00bb4.27.7&Prime; _module_preset=\u00a0\u00bbdefault\u00a0\u00bb hover_enabled=\u00a0\u00bb0&Prime; global_colors_info=\u00a0\u00bb{}\u00a0\u00bb custom_padding_last_edited=\u00a0\u00bbon|phone\u00a0\u00bb sticky_enabled=\u00a0\u00bb0&Prime; custom_padding_tablet=\u00a0\u00bb||0px||false|false\u00a0\u00bb custom_margin=\u00a0\u00bb||||false|false\u00a0\u00bb custom_margin_last_edited=\u00a0\u00bbon|tablet\u00a0\u00bb custom_margin_tablet=\u00a0\u00bb||0px||false|false\u00a0\u00bb custom_padding_phone=\u00a0\u00bb||0px||false|false\u00a0\u00bb custom_margin_phone=\u00a0\u00bb||0px||false|false\u00a0\u00bb][et_pb_column type=\u00a0\u00bb4_4&Prime; _builder_version=\u00a0\u00bb4.27.7&Prime; _module_preset=\u00a0\u00bbdefault\u00a0\u00bb global_colors_info=\u00a0\u00bb{}\u00a0\u00bb][et_pb_text _builder_version=\u00a0\u00bb4.27.7&Prime; _module_preset=\u00a0\u00bbdefault\u00a0\u00bb global_colors_info=\u00a0\u00bb{}\u00a0\u00bb]<\/p>\n<h1 style=\"text-align: center;\">\u00c9crits<\/h1>\n<p>&nbsp;<\/p>\n<p>[\/et_pb_text][\/et_pb_column][\/et_pb_row][et_pb_row column_structure=\u00a0\u00bb1_3,2_3&Prime; use_custom_gutter=\u00a0\u00bbon\u00a0\u00bb gutter_width=\u00a0\u00bb1&Prime; make_equal=\u00a0\u00bbon\u00a0\u00bb custom_padding_last_edited=\u00a0\u00bbon|desktop\u00a0\u00bb disabled_on=\u00a0\u00bboff|off|off\u00a0\u00bb _builder_version=\u00a0\u00bb4.27.7&Prime; _module_preset=\u00a0\u00bbdefault\u00a0\u00bb width_tablet=\u00a0\u00bb\u00a0\u00bb width_phone=\u00a0\u00bb\u00a0\u00bb width_last_edited=\u00a0\u00bbon|phone\u00a0\u00bb module_alignment=\u00a0\u00bbcenter\u00a0\u00bb custom_margin=\u00a0\u00bb||||false|false\u00a0\u00bb custom_padding=\u00a0\u00bb||||false|false\u00a0\u00bb custom_padding_tablet=\u00a0\u00bb||||false|false\u00a0\u00bb custom_padding_phone=\u00a0\u00bb0px||0px||false|false\u00a0\u00bb global_colors_info=\u00a0\u00bb{}\u00a0\u00bb][et_pb_column type=\u00a0\u00bb1_3&Prime; _builder_version=\u00a0\u00bb4.25.1&Prime; _module_preset=\u00a0\u00bbdefault\u00a0\u00bb positioning=\u00a0\u00bbnone\u00a0\u00bb z_index=\u00a0\u00bb1&Prime; custom_padding=\u00a0\u00bb0px||0px||false|false\u00a0\u00bb global_colors_info=\u00a0\u00bb{}\u00a0\u00bb][et_pb_text _builder_version=\u00a0\u00bb4.27.7&Prime; _module_preset=\u00a0\u00bbdefault\u00a0\u00bb text_text_color=\u00a0\u00bb#FFFFFF\u00a0\u00bb text_font_size=\u00a0\u00bb13px\u00a0\u00bb header_text_color=\u00a0\u00bb#FFFFFF\u00a0\u00bb header_3_text_color=\u00a0\u00bb#FFFFFF\u00a0\u00bb background_color=\u00a0\u00bb#ce8600&Prime; positioning=\u00a0\u00bbrelative\u00a0\u00bb z_index=\u00a0\u00bb1&Prime; custom_margin=\u00a0\u00bb50px||||false|false\u00a0\u00bb custom_padding=\u00a0\u00bb40px|30px|40px|50px|true|false\u00a0\u00bb custom_padding_tablet=\u00a0\u00bb20px|20px|20px|20px|true|false\u00a0\u00bb custom_padding_phone=\u00a0\u00bb20px|20px|20px|20px|true|false\u00a0\u00bb custom_padding_last_edited=\u00a0\u00bbon|phone\u00a0\u00bb animation_direction=\u00a0\u00bbtop\u00a0\u00bb scroll_vertical_motion_enable=\u00a0\u00bbon\u00a0\u00bb scroll_vertical_motion=\u00a0\u00bb0|48|48|100|0.5|0|-0.5&Prime; global_colors_info=\u00a0\u00bb{}\u00a0\u00bb]<\/p>\n<h3>Des \u00e9clats d\u2019\u00e9cume et d\u2019autres fleurs vivaces.<\/h3>\n<p><strong>Sur de nouvelles images de M\u00e9lody Seiwert<\/strong><\/p>\n<p><em>Par Michel Briand<\/em><\/p>\n<p>[\/et_pb_text][\/et_pb_column][et_pb_column type=\u00a0\u00bb2_3&Prime; _builder_version=\u00a0\u00bb4.27.4&Prime; _module_preset=\u00a0\u00bbdefault\u00a0\u00bb background_enable_color=\u00a0\u00bboff\u00a0\u00bb positioning=\u00a0\u00bbnone\u00a0\u00bb z_index=\u00a0\u00bb5&Prime; custom_padding=\u00a0\u00bb0px||0px||false|false\u00a0\u00bb global_colors_info=\u00a0\u00bb{}\u00a0\u00bb][et_pb_text _builder_version=\u00a0\u00bb4.27.7&Prime; _module_preset=\u00a0\u00bbdefault\u00a0\u00bb text_text_color=\u00a0\u00bb#000000&Prime; text_font_size=\u00a0\u00bb13px\u00a0\u00bb header_text_color=\u00a0\u00bb#FFFFFF\u00a0\u00bb background_color=\u00a0\u00bb#FFFFFF\u00a0\u00bb positioning=\u00a0\u00bbrelative\u00a0\u00bb z_index=\u00a0\u00bb1&Prime; custom_padding=\u00a0\u00bb40px|30px|40px|50px|true|false\u00a0\u00bb custom_padding_tablet=\u00a0\u00bb20px|20px|20px|20px|true|false\u00a0\u00bb custom_padding_phone=\u00a0\u00bb20px|20px|20px|20px|true|false\u00a0\u00bb custom_padding_last_edited=\u00a0\u00bbon|phone\u00a0\u00bb global_colors_info=\u00a0\u00bb{}\u00a0\u00bb]<\/p>\n<p>Au sens dynamique et plein que composent en grec \u03c6\u1ff6\u03c2\/ph\u00f4s\u00a0\u00ab\u00a0clart\u00e9\u00a0\u00bb (des jours, astres, flammes, du regard, amour, savoir) et\u00a0\u03b3\u03c1\u03b1\u03c6\u03ae\/graph\u00e9\u00a0\u00ab\u00a0\u00e9criture\u00a0\u00bb (et dessin, peinture, broderie, lettre, texte), ce que l\u2019\u00e9crivaine de lumi\u00e8re fait observer ici, ce sont des recoins de plantes, fleurs, feuilles et tiges, qui rec\u00e8lent plus que de jolis ou d\u2019obscurs petits secrets\u00a0: des mondes fous et clairs qui nous observent, en surface comme au fond. D\u2019une s\u00e9rie \u00e0 l\u2019autre, cela se voit mieux, d\u2019ann\u00e9e en ann\u00e9e, suivant les m\u00e9andres d\u2019une \u0153uvre o\u00f9 l\u2019on devine une vie, des vies\u00a0: cette\u00a0\u00e9criture de la clart\u00e9 invente et fa\u00e7onne des chairs et souffles, des espaces et formes, enfin de fragiles instants et hasards, dont l\u2019artiste, agile, pr\u00e9cise, en choisissant de les photographier, c\u2019est-\u00e0-dire \u00e0 la fois de les retenir et lib\u00e9rer leurs mouvements, a fait d\u2019intenses assemblages et des palimpsestes toujours en devenir. D\u2019une figure \u00e0 l\u2019autre, en encha\u00eenement ou solo, nous regardons, mais aussi nous regardent d\u2019\u00e9tranges corps, mondes et dur\u00e9es et des surfaces fluides, bulles et tr\u00e9fonds.<\/p>\n<p>On y voit des corps flottants, li\u00e9s par des fils clairs, \u00e0 l\u2019\u00e9clat m\u00e9tallique un peu, salivaire tout autant. Leur identification n\u2019est pas facile\u00a0: des bulles de s\u00e8ve saisies dans une collection de fant\u00f4mes, v\u00e9g\u00e9taux ou textiles, animaux m\u00eames\u00a0; des danses venues d\u2019int\u00e9rieurs d\u00e9hanch\u00e9s, apr\u00e8s cueillette et cristallisation lucide\u00a0; des filaments vivants, humides comme des algues, dessinant des amas de graines plus stables et sombres\u00a0; des bijoux \u00e0 peaux mutantes, h\u00e9sitant (m\u00eame si c\u2019est plut\u00f4t nous qui h\u00e9sitons, face aux plaisirs du m\u00e9lange) entre rousseur d\u2019\u00e9toffes pr\u00e9cieuses, insectes verdoyants pr\u00eats \u00e0 piquer nos lymphes, vase aux senteurs un peu d\u00e9lir\u00e9es.<\/p>\n<p>On y sent des mondes. Au contraire de l\u2019immonde, \u00e9teint ici, pour un moment, comme par une musiquedes sph\u00e8res alternative, micro-\/macro-, cosmogonie d\u2019\u00eelesvues d\u2019en haut, sur une terre \u00e0 promontoires ou dans le fonds des cellules, fruits dor\u00e9s de paradis sal\u00e9s, des marais de blancheurs mouill\u00e9es, aux ombres de fleurs et ciels \u00e0 satellites, pas tout \u00e0 fait cavit\u00e9s sous-marines, ni vo\u00fbtes c\u00e9lestes, cosm\u00e9tique et cosmologie, o\u00f9 plonger et voyager, au loin et de pr\u00e8s. \u00c0 travers des illuminations alt\u00e9r\u00e9es, fig\u00e9es, provisoirement, parfois aigu\u00ebs, souvent mouill\u00e9es d\u2019ombres, ces dessins de lueur r\u00e9veillent et caressant les yeux de qui les visite, avec soin.<\/p>\n<p>On y (re)vit des temps. Si l\u2019\u00e9tymologie de\u00a0rythme\u00a0sugg\u00e8re l\u2019action de \u00ab\u00a0(s\u2019\u00e9)couler\u00a0\u00bb (\u1fe5\u03b5\u1fd6\u03bd\/rhe\u00een), donc en dur\u00e9e,non en temps mesur\u00e9, on se convainc d\u2019autant mieux qu\u2019il n\u2019y a pas, dans ces figures de clart\u00e9, la saisie de poses, l\u2019archivage d\u2019un pass\u00e9 d\u00e9c\u00e9d\u00e9, mais plut\u00f4t les possibilit\u00e9s de ce qui a \u00e9t\u00e9, quand ces fleurs, en prairiesou sur des arbres, vivaient leur vie. Mais aussi de ce qui aura \u00e9t\u00e9 depuis, et puis au futur, quand ce sera pour nous, comme pour ces plantes, le moment de durer encore, dans des m\u00e9moires d\u2019humidit\u00e9 mouvante, et par les fleurs que deviendront nos chairs et peaux, nos eaux, nos bulles. La photographie d\u2019actualit\u00e9 est \u00ab\u00a0la fa\u00e7on dont notre temps assume la mort\u00a0\u00bb, souffleRoland Barthes (La Chambre claire, 1980). Mais ces images-ci ne sont pas des clich\u00e9s, scoops ou types, ces figures ne saisissent pas du temps, elles sont inactuelles, intempestives, vraiment contemporaines donc\u00a0: elles conjuguent corps et mondes au simultan\u00e9 pluriel. Comme du num\u00e9rique sans monumentalit\u00e9, mais, comme venu de l\u2019argentique, \u00e0 travers notre \u00e9ph\u00e9m\u00e8re \u00e0 vie.<\/p>\n<p>Cette tentative de description contient trop d\u2019adjectifs. C\u2019est une fa\u00e7on de manquer mieux ce que des mots ne sauraient saisir, heureusement\u00a0: la couleur fugace et pourtant paisible de ces images, leurs effets de miroir et leurs \u00e9chos. Ce ne sont pas des tableaux inertes, dont les humeurs v\u00e9g\u00e9tales (et les n\u00f4tres) seraient r\u00e9duites \u00e0 des traces d\u2019agonie. Ces photographies sont des processus, pas des objets\u00a0: moins des\u00a0natures mortes\u00a0que des vies tranquilles,\u00a0stilllifes,Stillleben. Elles persistent, avec l\u00e9g\u00e8ret\u00e9\u00a0; elles semblent s\u2019amuser, entre elles, avec le monde, voire avec nous, m\u00eamedans notre monde. Chaque humeur, de fleur ou d\u2019humain,s\u2019y distille ou laisse s\u2019\u00e9couler ce qui, sous l\u2019aspect d\u2019un s\u00e9rieux vert, brun et jaune, avec la constance d\u2019une liquide d\u00e9composition, s\u2019apparente \u00e0 de l\u2019humour, effervescent,doux. Ce sont des sourires,mobiles et sereins, parfois soucieux, que ces images-fables inspirent. On s\u2019y reconna\u00eet, dans l\u2019arri\u00e8re-vie des plantes, nos presque-s\u0153urs, et de l\u2019eau, notre commun. Avec abandon et tenue de m\u00eame, ainsi quele r\u00eave d\u2019une conversation \u00e0 \u00e9baucher avec ces fins t\u00e9moins de passage, que nous transfuse, par la vision et le toucher, la magique \u00e9crivaine d\u2019\u00e9clat.<\/p>\n<p>[\/et_pb_text][\/et_pb_column][\/et_pb_row][\/et_pb_section][et_pb_section fb_built=\u00a0\u00bb1&Prime; custom_padding_last_edited=\u00a0\u00bbon|phone\u00a0\u00bb disabled_on=\u00a0\u00bboff|off|off\u00a0\u00bb module_id=\u00a0\u00bbscenographe\u00a0\u00bb _builder_version=\u00a0\u00bb4.27.7&Prime; _module_preset=\u00a0\u00bbdefault\u00a0\u00bb background_color=\u00a0\u00bb#f2f2f2&Prime; background_enable_image=\u00a0\u00bboff\u00a0\u00bb background_size=\u00a0\u00bbcustom\u00a0\u00bb background_image_width=\u00a0\u00bb33%\u00a0\u00bb background_position=\u00a0\u00bbtop_left\u00a0\u00bb background_horizontal_offset=\u00a0\u00bb2%\u00a0\u00bb z_index=\u00a0\u00bb4&Prime; module_alignment=\u00a0\u00bbcenter\u00a0\u00bb custom_margin=\u00a0\u00bb||||false|false\u00a0\u00bb custom_padding=\u00a0\u00bb||||false|false\u00a0\u00bb custom_padding_tablet=\u00a0\u00bb||||false|false\u00a0\u00bb custom_padding_phone=\u00a0\u00bb\u00a0\u00bb collapsed=\u00a0\u00bboff\u00a0\u00bb global_colors_info=\u00a0\u00bb{}\u00a0\u00bb][et_pb_row column_structure=\u00a0\u00bb1_3,2_3&Prime; use_custom_gutter=\u00a0\u00bbon\u00a0\u00bb gutter_width=\u00a0\u00bb1&Prime; make_equal=\u00a0\u00bbon\u00a0\u00bb custom_padding_last_edited=\u00a0\u00bbon|desktop\u00a0\u00bb disabled_on=\u00a0\u00bboff|off|off\u00a0\u00bb _builder_version=\u00a0\u00bb4.27.7&Prime; _module_preset=\u00a0\u00bbdefault\u00a0\u00bb width_tablet=\u00a0\u00bb\u00a0\u00bb width_phone=\u00a0\u00bb\u00a0\u00bb width_last_edited=\u00a0\u00bbon|phone\u00a0\u00bb module_alignment=\u00a0\u00bbcenter\u00a0\u00bb custom_margin=\u00a0\u00bb0px||0px||false|false\u00a0\u00bb custom_padding=\u00a0\u00bb||||false|false\u00a0\u00bb custom_padding_tablet=\u00a0\u00bb||||false|false\u00a0\u00bb custom_padding_phone=\u00a0\u00bb0px||0px||false|false\u00a0\u00bb global_colors_info=\u00a0\u00bb{}\u00a0\u00bb][et_pb_column type=\u00a0\u00bb1_3&Prime; _builder_version=\u00a0\u00bb4.25.1&Prime; _module_preset=\u00a0\u00bbdefault\u00a0\u00bb positioning=\u00a0\u00bbnone\u00a0\u00bb z_index=\u00a0\u00bb1&Prime; custom_padding=\u00a0\u00bb0px||0px||false|false\u00a0\u00bb global_colors_info=\u00a0\u00bb{}\u00a0\u00bb][et_pb_text _builder_version=\u00a0\u00bb4.27.7&Prime; _module_preset=\u00a0\u00bbdefault\u00a0\u00bb text_text_color=\u00a0\u00bb#FFFFFF\u00a0\u00bb text_font_size=\u00a0\u00bb13px\u00a0\u00bb header_text_color=\u00a0\u00bb#FFFFFF\u00a0\u00bb header_3_text_color=\u00a0\u00bb#FFFFFF\u00a0\u00bb background_color=\u00a0\u00bb#a80043&Prime; positioning=\u00a0\u00bbrelative\u00a0\u00bb z_index=\u00a0\u00bb1&Prime; custom_margin=\u00a0\u00bb50px||||false|false\u00a0\u00bb custom_padding=\u00a0\u00bb40px|30px|40px|50px|true|false\u00a0\u00bb custom_padding_tablet=\u00a0\u00bb20px|20px|20px|20px|true|false\u00a0\u00bb custom_padding_phone=\u00a0\u00bb20px|20px|20px|20px|true|false\u00a0\u00bb custom_padding_last_edited=\u00a0\u00bbon|phone\u00a0\u00bb animation_direction=\u00a0\u00bbtop\u00a0\u00bb scroll_vertical_motion_enable=\u00a0\u00bbon\u00a0\u00bb scroll_vertical_motion=\u00a0\u00bb0|50|50|100|0.5|0|-0.5&Prime; global_colors_info=\u00a0\u00bb{}\u00a0\u00bb]<\/p>\n<p><em>Par Pauline Lisowski\u00b5<\/em><br \/>Artiste jardini\u00e8re, critique d\u2019art \u2013 chercheuse, curatrice<\/p>\n<p><span style=\"color: #ffffff;\"><strong><a style=\"color: #ffffff;\" href=\"https:\/\/magazine.hortus-focus.fr\/blog\/2026\/05\/25\/des-eclats-decume-et-dautres-fleurs-vivaces\/\" target=\"_blank\" rel=\"noopener\">&gt; Site internet<\/a><\/strong><\/span><\/p>\n<p>[\/et_pb_text][\/et_pb_column][et_pb_column type=\u00a0\u00bb2_3&Prime; _builder_version=\u00a0\u00bb4.27.4&Prime; _module_preset=\u00a0\u00bbdefault\u00a0\u00bb background_enable_color=\u00a0\u00bboff\u00a0\u00bb positioning=\u00a0\u00bbnone\u00a0\u00bb z_index=\u00a0\u00bb5&Prime; custom_padding=\u00a0\u00bb0px||0px||false|false\u00a0\u00bb global_colors_info=\u00a0\u00bb{}\u00a0\u00bb][et_pb_text _builder_version=\u00a0\u00bb4.27.7&Prime; _module_preset=\u00a0\u00bbdefault\u00a0\u00bb text_text_color=\u00a0\u00bb#000000&Prime; text_font_size=\u00a0\u00bb13px\u00a0\u00bb header_text_color=\u00a0\u00bb#FFFFFF\u00a0\u00bb background_color=\u00a0\u00bb#FFFFFF\u00a0\u00bb positioning=\u00a0\u00bbrelative\u00a0\u00bb z_index=\u00a0\u00bb1&Prime; custom_padding=\u00a0\u00bb40px|30px|40px|50px|true|false\u00a0\u00bb custom_padding_tablet=\u00a0\u00bb20px|20px|20px|20px|true|false\u00a0\u00bb custom_padding_phone=\u00a0\u00bb20px|20px|20px|20px|true|false\u00a0\u00bb custom_padding_last_edited=\u00a0\u00bbon|phone\u00a0\u00bb global_colors_info=\u00a0\u00bb{}\u00a0\u00bb]<\/p>\n<p>M\u00e9lody Seiwert dans ce tr\u00e8s beau livre r\u00e9unit plusieurs s\u00e9ries d\u2019\u0153uvres qui r\u00e9v\u00e8lent progressivement la m\u00e9tamorphose du v\u00e9g\u00e9tal, accompagn\u00e9 de tr\u00e8s beaux textes d\u2019auteurs qui l\u2019ont suivi tout au long des \u00e9tapes de sa cr\u00e9ation.<\/p>\n<p>L\u2019artiste, attentive \u00e0 la fragilit\u00e9 de la vie, a d\u2019abord cr\u00e9\u00e9 ses propres n\u00e9gatifs en ins\u00e9rant des fragments de v\u00e9g\u00e9taux, notamment des centaur\u00e9es qu\u2019elle a glan\u00e9 dans les alpages du Queyras, entre deux caches \u00e0 diapositives. Au fur et \u00e0 mesure, elle d\u00e9couvre le d\u00e9veloppement d\u2019une vie bact\u00e9rienne et fongique. Depuis bient\u00f4t dix ans, elle dialogue avec le v\u00e9g\u00e9tal, en tant que mati\u00e8re premi\u00e8re, t\u00e9moin du temps et de nouvelles formes qui apparaissent. \u00ab Rien ne na\u00eet ni ne p\u00e9rit, mais des choses d\u00e9j\u00e0 existantes se combinent, puis se s\u00e9parent de nouveau \u00bb cette phrase du philosophe grec Anaxagore guide ses propos et son exp\u00e9rience de cr\u00e9ation. Elle nous livre une clef de lecture pour envisager le cycle de la vie des plantes et consid\u00e9rer \u00ab\u00a0la mort comme seuil d\u2019un point de vue biologique\u00a0\u00bb, selon ses propres termes, refl\u00e9tant son approche \u00e9minemment sensible.<\/p>\n<p><strong>Po\u00e9tique du v\u00e9g\u00e9tal<\/strong><\/p>\n<p>Dans sa s\u00e9rie d\u2019images\u00a0Po\u00e9tique du v\u00e9g\u00e9tal\u00a0de 2014 \u00e0 2016, compos\u00e9es telles des herbiers, l\u2019artiste donne \u00e0 voir la fragilit\u00e9 des p\u00e9tales, qui apparaissent telles des danseurs. Les couleurs, les formes des plantes se r\u00e9v\u00e8lent et nous invitent \u00e0 pr\u00eater attention \u00e0 leur d\u00e9licatesse. L\u2019artiste d\u00e9compose, d\u00e9cortique les plantes telle que le ferait un scientifique pour en comprendre leur morphologie.<\/p>\n<p><strong>Po\u00e9tique de la putrescence\u00a0et\u00a0La lente mue des fleurs\u00a0:\u00a0la vie de micro-organismes \u00e0 l\u2019\u0153uvre.<\/strong><\/p>\n<p>L\u2019exp\u00e9rience du temps est f\u00e9conde chez l\u2019artiste qui observe une nouvelle vie qui apparait \u00e0 la suite de pourriture ou de fl\u00e9trissement des fleurs, maintenues dans deux caches \u00e0 diapositives. Tout un monde organique se donne \u00e0 lire et nous am\u00e8ne \u00e0 r\u00eaver \u00e0 d\u2019autres univers. Une lib\u00e9ration d\u2019une forme d\u2019\u00e9nergie interne au corps v\u00e9g\u00e9tal. De nouvelles teintes ternies apparaissent, l\u2019envol\u00e9e de possibles graines, des filaments, comme si la plante nous livrait d\u2019autres secrets.<\/p>\n<p><strong>Vers un monde cosmique<\/strong><\/p>\n<p>Dans sa s\u00e9rie\u00a0De l\u2019Infime \u00e0 l\u2019Infini, (2017-2020), des v\u00e9g\u00e9taux se muent en constellations. \u00ab\u00a0La fleur contient tout le cosmos\u00a0\u00bb telle est la pens\u00e9e de l\u2019artiste, fascin\u00e9e et en m\u00eame temps troubl\u00e9e par la transformation du v\u00e9g\u00e9tal. Une part d\u2019inconnu, d\u2019invisible, de myst\u00e8re \u00e9mane de ses \u0153uvres qui nous transportent vers un ailleurs\u00a0: des plantes vers les \u00e9toiles.<\/p>\n<p><strong>Des fleurs, \u00e9clats color\u00e9s, en mouvement<\/strong><\/p>\n<p>Sa derni\u00e8re s\u00e9rie\u00a0Painting Flowers, (2023-2025) m\u2019am\u00e8ne \u00e0 y percevoir une vie suspendue. Je laisse mon esprit divaguer, r\u00eaver face \u00e0 la d\u00e9couverte d\u2019une infinit\u00e9 de couleurs. Par ses gestes d\u00e9licats, l\u2019artiste d\u00e9couvre l\u2019extraordinaire potentialit\u00e9 des plantes fra\u00eeches. Entre les lames de verre, des bulles se forment et notre attention est port\u00e9e vers les jeux de transparence\u00a0: Une magie de la vie v\u00e9g\u00e9tale qui se poursuit.<\/p>\n<p>Le processus de cr\u00e9ation de l\u2019artiste nous r\u00e9v\u00e8le que les fleurs, au fil de leur cycle de vie, d\u00e9ploient une infinit\u00e9 de nouveaux mondes possibles. Il suffirait d\u2019apprendre \u00e0 les contempler \u00e0 diff\u00e9rents stades de leur floraison, fanaison pour nous rendre compte que la vie est toujours l\u00e0. Les \u0153uvres de M\u00e9lody Seiwert m\u2019incitent \u00e9galement \u00e0 songer \u00e0 la douceur des instants de contemplation face \u00e0 une plante, \u00e0 ses p\u00e9tales, dont les couleurs changent au gr\u00e9 des jours. D\u2019une page \u00e0 une autre, d\u2019une image \u00e0 une autre, nous nous promenons, contemplons, cheminons\u00a0du proche au lointain, de la vie v\u00e9g\u00e9tale au monde c\u00e9leste.<\/p>\n<p>&nbsp;<\/p>\n<p>[\/et_pb_text][\/et_pb_column][\/et_pb_row][\/et_pb_section][et_pb_section fb_built=\u00a0\u00bb1&Prime; custom_padding_last_edited=\u00a0\u00bbon|desktop\u00a0\u00bb disabled_on=\u00a0\u00bboff|off|off\u00a0\u00bb module_id=\u00a0\u00bbscenographe\u00a0\u00bb _builder_version=\u00a0\u00bb4.27.7&Prime; _module_preset=\u00a0\u00bbdefault\u00a0\u00bb background_color=\u00a0\u00bb#f2f2f2&Prime; background_enable_image=\u00a0\u00bboff\u00a0\u00bb background_size=\u00a0\u00bbcustom\u00a0\u00bb background_image_width=\u00a0\u00bb33%\u00a0\u00bb background_position=\u00a0\u00bbtop_left\u00a0\u00bb background_horizontal_offset=\u00a0\u00bb2%\u00a0\u00bb z_index=\u00a0\u00bb4&Prime; module_alignment=\u00a0\u00bbcenter\u00a0\u00bb custom_margin=\u00a0\u00bb||||false|false\u00a0\u00bb custom_padding=\u00a0\u00bb||||false|false\u00a0\u00bb custom_padding_tablet=\u00a0\u00bb||||false|false\u00a0\u00bb custom_padding_phone=\u00a0\u00bb\u00a0\u00bb collapsed=\u00a0\u00bboff\u00a0\u00bb global_colors_info=\u00a0\u00bb{}\u00a0\u00bb][et_pb_row column_structure=\u00a0\u00bb1_3,2_3&Prime; use_custom_gutter=\u00a0\u00bbon\u00a0\u00bb gutter_width=\u00a0\u00bb1&Prime; make_equal=\u00a0\u00bbon\u00a0\u00bb custom_padding_last_edited=\u00a0\u00bbon|desktop\u00a0\u00bb disabled_on=\u00a0\u00bboff|off|off\u00a0\u00bb _builder_version=\u00a0\u00bb4.27.4&Prime; _module_preset=\u00a0\u00bbdefault\u00a0\u00bb width_tablet=\u00a0\u00bb\u00a0\u00bb width_phone=\u00a0\u00bb\u00a0\u00bb width_last_edited=\u00a0\u00bbon|phone\u00a0\u00bb module_alignment=\u00a0\u00bbcenter\u00a0\u00bb custom_margin=\u00a0\u00bb0px||0px||false|false\u00a0\u00bb custom_padding=\u00a0\u00bb||||false|false\u00a0\u00bb custom_padding_tablet=\u00a0\u00bb||||false|false\u00a0\u00bb custom_padding_phone=\u00a0\u00bb0px||0px||false|false\u00a0\u00bb locked=\u00a0\u00bboff\u00a0\u00bb global_colors_info=\u00a0\u00bb{}\u00a0\u00bb][et_pb_column type=\u00a0\u00bb1_3&Prime; _builder_version=\u00a0\u00bb4.25.1&Prime; _module_preset=\u00a0\u00bbdefault\u00a0\u00bb positioning=\u00a0\u00bbnone\u00a0\u00bb z_index=\u00a0\u00bb1&Prime; custom_padding=\u00a0\u00bb0px||0px||false|false\u00a0\u00bb global_colors_info=\u00a0\u00bb{}\u00a0\u00bb][et_pb_text _builder_version=\u00a0\u00bb4.27.7&Prime; _module_preset=\u00a0\u00bbdefault\u00a0\u00bb text_text_color=\u00a0\u00bb#FFFFFF\u00a0\u00bb text_font_size=\u00a0\u00bb13px\u00a0\u00bb header_text_color=\u00a0\u00bb#FFFFFF\u00a0\u00bb header_3_text_color=\u00a0\u00bb#FFFFFF\u00a0\u00bb background_color=\u00a0\u00bb#436d00&Prime; positioning=\u00a0\u00bbrelative\u00a0\u00bb z_index=\u00a0\u00bb1&Prime; custom_margin=\u00a0\u00bb50px||||false|false\u00a0\u00bb custom_padding=\u00a0\u00bb40px|30px|40px|50px|true|false\u00a0\u00bb custom_padding_tablet=\u00a0\u00bb20px|20px|20px|20px|true|false\u00a0\u00bb custom_padding_phone=\u00a0\u00bb20px|20px|20px|20px|true|false\u00a0\u00bb custom_padding_last_edited=\u00a0\u00bbon|phone\u00a0\u00bb animation_direction=\u00a0\u00bbtop\u00a0\u00bb scroll_vertical_motion_enable=\u00a0\u00bbon\u00a0\u00bb scroll_vertical_motion=\u00a0\u00bb0|50|50|100|0.5|0|-0.5&Prime; global_colors_info=\u00a0\u00bb{}\u00a0\u00bb]<\/p>\n<h3>A Fleur de peau<\/h3>\n<p><em>Par Evelyne Loux<\/em><\/p>\n<p>[\/et_pb_text][\/et_pb_column][et_pb_column type=\u00a0\u00bb2_3&Prime; _builder_version=\u00a0\u00bb4.27.4&Prime; _module_preset=\u00a0\u00bbdefault\u00a0\u00bb background_enable_color=\u00a0\u00bboff\u00a0\u00bb positioning=\u00a0\u00bbnone\u00a0\u00bb z_index=\u00a0\u00bb5&Prime; custom_padding=\u00a0\u00bb0px||0px||false|false\u00a0\u00bb global_colors_info=\u00a0\u00bb{}\u00a0\u00bb][et_pb_text _builder_version=\u00a0\u00bb4.27.7&Prime; _module_preset=\u00a0\u00bbdefault\u00a0\u00bb text_text_color=\u00a0\u00bb#000000&Prime; text_font_size=\u00a0\u00bb13px\u00a0\u00bb header_text_color=\u00a0\u00bb#FFFFFF\u00a0\u00bb background_color=\u00a0\u00bb#FFFFFF\u00a0\u00bb positioning=\u00a0\u00bbrelative\u00a0\u00bb z_index=\u00a0\u00bb1&Prime; custom_padding=\u00a0\u00bb40px|30px|40px|50px|true|false\u00a0\u00bb custom_padding_tablet=\u00a0\u00bb20px|20px|20px|20px|true|false\u00a0\u00bb custom_padding_phone=\u00a0\u00bb20px|20px|20px|20px|true|false\u00a0\u00bb custom_padding_last_edited=\u00a0\u00bbon|phone\u00a0\u00bb global_colors_info=\u00a0\u00bb{}\u00a0\u00bb]<\/p>\n<p>Pla\u00e7ant des fragments de v\u00e9g\u00e9taux entre deux plaques de verre \u00e0 la mani\u00e8re du scientifique, Melody Seiwert a cr\u00e9\u00e9 un dispositif qui transforme son appareil photographique en microscope et nous fait d\u00e9couvrir des paysages cosmogoniques d\u2019une beaut\u00e9 insoup\u00e7onnable.<\/p>\n<p>Dans sa premi\u00e8re s\u00e9rie issue de ces lames, les v\u00e9g\u00e9taux s\u2019alignaient comme dans des pages d\u2019\u00e9criture (Po\u00e9tique du v\u00e9g\u00e9tal, 2015) mais il lui a fallu explorer plus avant et entrer dans la mati\u00e8re m\u00eame de son sujet. Les drap\u00e9s rouge vif des p\u00e9tales du coquelicot d\u00e9ploient ainsi picturalement des espaces de fibres color\u00e9es. Le violet et le jaune du colchique sont des affirmations de la force des couleurs d\u2019autant que les jus des v\u00e9g\u00e9taux \u00e9cras\u00e9s deviennent coulures, lavis plus ou moins opaques. De ces formes nouvelles jaillissent des lignes, des forces, une vitalit\u00e9 en contradiction avec l\u2019objet apparemment inerte de la lame de microscope.<\/p>\n<p>Mais ce n\u2019est l\u00e0 que le d\u00e9but de l\u2019aventure\u00a0; conservant ses petites diapositives emprisonnant les fragments v\u00e9g\u00e9taux, l\u2019artiste a permis et encourag\u00e9 le d\u00e9veloppement d\u2019une nouvelle vie bact\u00e9rienne et fongique qu\u2019elle a pu revisiter r\u00e9guli\u00e8rement. Dans sa s\u00e9rie Po\u00e9tique de la putrescence, l\u2019apparition de cette activit\u00e9 biologique dessine de d\u00e9licates explosions autour des formes v\u00e9g\u00e9tales qui par opposition deviennent plus min\u00e9rales et sculpturales d\u2019autant que la couleur de d\u00e9part du v\u00e9g\u00e9tal s\u2019est ternie et transform\u00e9e dans des ocres jaunes et bruns.<\/p>\n<p>Focalisant uniquement sur ces nouvelles apparitions dans la s\u00e9rie De l\u2019infime \u00e0 l\u2019infini, le microcosme devient un cosmos par le truchement du n\u00e9gatif nous faisant appara\u00eetre des constellations jusqu\u2019ici ignor\u00e9es. L\u2019image photographique \u00e9voque la technique de la gravure et les illustrations de voyages imaginaires dans de nouveaux univers. Depuis 2019, La lente mue des fleurs est une exploration constante de ces lames et communique l\u2019\u00e9merveillement de l\u2019artiste devant l\u2019inventivit\u00e9 cr\u00e9atrice de la vie sur le v\u00e9g\u00e9tal transform\u00e9 par sa mort.<\/p>\n<p>Cette fascination pour la transformation de la peau par l\u2019apparition des rides comme l\u2019\u00e9criture d\u2019une vie sur un visage, M\u00e9lody Seiwert nous l\u2019avait d\u00e9j\u00e0 donn\u00e9 \u00e0 voir dans ses photographies de centenaires. Ces \u00eatres dont les visages annon\u00e7aient leurs proches disparitions \u00e9taient plus du c\u00f4t\u00e9 de la vie que de l\u2019autre rivage du Rubicon. En 2011, les Lambeaux de souvenirs revisitaient ces images de centenaires tout comme l\u2019artiste aujourd\u2019hui revisite en permanence les \u00ab\u00a0diapositives\u00a0\u00bb de ses fragments v\u00e9g\u00e9taux. En ne fixant pas des bandes d\u2019essai de ces photographies, les images des centenaires s\u2019estompaient comme la m\u00e9moire des personnes mais continuaient de se d\u00e9velopper bien au-del\u00e0 de la disparition des centenaires eux-m\u00eames.<\/p>\n<p>Dans Les Alices ou M\u00e9tamorphoses (2013), c\u2019est une inondation de son mat\u00e9riel photographique et l\u2019attaque chimique qui en suivi sur des n\u00e9gatifs de photographies de danseuses qui ont r\u00e9v\u00e9l\u00e9 l\u2019essence de la danse ou de la photographie mais peut-\u00eatre de tout acte cr\u00e9atif : un combat ou\/et une sc\u00e8ne d\u2019amour entre la vitalit\u00e9 d\u2019un corps en mouvement et sa disparition ou mutation programmatique.<br \/>L\u2019\u0153uvre de Melody Seiwert tout enti\u00e8re est tourn\u00e9e vers la vuln\u00e9rabilit\u00e9 et l\u2019impermanence de la vie. Les photographies produites dans le cadre de ses r\u00e9sidences \u00e0 l\u2019\u00e9tranger ont \u00e9t\u00e9 des occasions de mettre son empathie du c\u00f4t\u00e9 des plus fragiles de ce qui du point de vue de la culture occidentale semble vou\u00e9 \u00e0 la disparition, les beaut\u00e9s scarifi\u00e9es au Burkina (2007), les l\u00e9gendes africaines au Cameroun (2010). Son travail photographique au sein de la communaut\u00e9 rom t\u00e9moigne de sa capacit\u00e9 \u00e0 \u00eatre en empathie profonde avec l\u2019autre. Pour cela il faut savoir se donner le temps. Ce ne sont pas des photos de reportage sur un autre peuple qu\u2019on garde loin devant l\u2019objectif. Ce sont des photographies qui rencontrent leur sujet en profondeur, qui savent l\u2019accueillir dans son alt\u00e9rit\u00e9 en m\u00eame temps que dans cette humanit\u00e9 qui nous relie.<\/p>\n<p>Peut-\u00eatre est-ce la conscience aig\u00fce de la fragilit\u00e9 de la vie qui s\u2019exprime au moment m\u00eame o\u00f9 M\u00e9lodie Seiwert choisi la photographie comme m\u00e9dium.<\/p>\n<p>Au sein d\u2019un groupe d\u2019artiste proches des actionnistes viennois, elle entreprend ses premiers autoportraits et portraits de corps ligot\u00e9s ou b\u00e2illonn\u00e9s dans Images int\u00e9rieures et o\u00f9 dans une expression qui n\u2019\u00e9chappe pas \u00e0 la r\u00e9volte et la col\u00e8re \u00ab\u00a0le corps est r\u00e9duit \u00e0 sa qualit\u00e9 de chair et d\u2019\u00e9motion\u00a0\u00bb selon sa propre expression.<\/p>\n<p>Empreintes lumineuses, (1993-96) est une s\u00e9rie d\u2019autoportraits o\u00f9 elle rel\u00e8ve directement le relief de son visage sans passer par le bo\u00eetier photographique. Un travail sur plusieurs ann\u00e9es d\u2019\u00e9tude de son propre visage qui jamais ne se ressemble.<\/p>\n<p>La lente mue des fleurs qu\u2019elle continue de d\u00e9velopper actuellement s\u2019inscrit dans cette m\u00eame d\u00e9marche fondamentale. Avec la distance que lui donne le v\u00e9g\u00e9tal, avec l\u2019humilit\u00e9 d\u2019un long cheminement artistique et la force de la pers\u00e9v\u00e9rance et d\u2019un \u00e9lan cr\u00e9atif insatiable, ces photographies aujourd\u2019hui sont une fa\u00e7on de r\u00e9concilier l\u2019expressionnisme avec la beaut\u00e9.<\/p>\n<p>La s\u00e9rie \u00c9loge du temps (2012), dessinait d\u00e9j\u00e0 gr\u00e2ce \u00e0 la technique primitive du st\u00e9nop\u00e9, des paysages \u00e9th\u00e9r\u00e9s comme des apparitions fragiles et \u00e9ph\u00e9m\u00e8res.<\/p>\n<p>Son geste photographique est une profession de foi\u00a0; la photographie permet d\u2019acc\u00e9der \u00e0 un monde invisible dont il nous suffit de prendre conscience. La beaut\u00e9 est l\u00e0, autour de nous, une fois que nous le savons, nous devons en tenir compte dans notre fa\u00e7on d\u2019\u00eatre au monde. L\u00e0 est la cl\u00e9\u00a0; la source toujours vive et inspirante du travail de M\u00e9lody Seiwert, l\u2019origine de sa n\u00e9cessit\u00e9.<\/p>\n<p>[\/et_pb_text][\/et_pb_column][\/et_pb_row][\/et_pb_section]<\/p>\n","protected":false},"excerpt":{"rendered":"<p>\u00c9crits &nbsp;Des \u00e9clats d\u2019\u00e9cume et d\u2019autres fleurs vivaces. Sur de nouvelles images de M\u00e9lody Seiwert Par Michel BriandAu sens dynamique et plein que composent en grec \u03c6\u1ff6\u03c2\/ph\u00f4s\u00a0\u00ab\u00a0clart\u00e9\u00a0\u00bb (des jours, astres, flammes, du regard, amour, savoir) et\u00a0\u03b3\u03c1\u03b1\u03c6\u03ae\/graph\u00e9\u00a0\u00ab\u00a0\u00e9criture\u00a0\u00bb (et dessin, peinture, broderie, lettre, texte), ce que l\u2019\u00e9crivaine de lumi\u00e8re fait observer ici, ce sont des recoins de [&hellip;]<\/p>\n","protected":false},"author":1,"featured_media":0,"parent":0,"menu_order":4,"comment_status":"closed","ping_status":"closed","template":"","meta":{"_et_pb_use_builder":"on","_et_pb_old_content":"","_et_gb_content_width":"","inline_featured_image":false,"footnotes":""},"class_list":["post-6573","page","type-page","status-publish","hentry"],"_links":{"self":[{"href":"https:\/\/absolument-fab.com\/melody\/wp-json\/wp\/v2\/pages\/6573","targetHints":{"allow":["GET"]}}],"collection":[{"href":"https:\/\/absolument-fab.com\/melody\/wp-json\/wp\/v2\/pages"}],"about":[{"href":"https:\/\/absolument-fab.com\/melody\/wp-json\/wp\/v2\/types\/page"}],"author":[{"embeddable":true,"href":"https:\/\/absolument-fab.com\/melody\/wp-json\/wp\/v2\/users\/1"}],"replies":[{"embeddable":true,"href":"https:\/\/absolument-fab.com\/melody\/wp-json\/wp\/v2\/comments?post=6573"}],"version-history":[{"count":37,"href":"https:\/\/absolument-fab.com\/melody\/wp-json\/wp\/v2\/pages\/6573\/revisions"}],"predecessor-version":[{"id":6939,"href":"https:\/\/absolument-fab.com\/melody\/wp-json\/wp\/v2\/pages\/6573\/revisions\/6939"}],"wp:attachment":[{"href":"https:\/\/absolument-fab.com\/melody\/wp-json\/wp\/v2\/media?parent=6573"}],"curies":[{"name":"wp","href":"https:\/\/api.w.org\/{rel}","templated":true}]}}