{"id":1989,"date":"2025-06-06T11:19:49","date_gmt":"2025-06-06T09:19:49","guid":{"rendered":"https:\/\/absolument-fab.com\/melody\/?post_type=project&#038;p=1989"},"modified":"2026-07-20T09:03:15","modified_gmt":"2026-07-20T07:03:15","slug":"lambeaux-de-souvenirs","status":"publish","type":"project","link":"https:\/\/absolument-fab.com\/melody\/project\/lambeaux-de-souvenirs\/","title":{"rendered":"Lambeaux de souvenirs 2011"},"content":{"rendered":"<p>[et_pb_section fb_built=\u00a0\u00bb1&Prime; _builder_version=\u00a0\u00bb4.27.4&Prime; custom_margin=\u00a0\u00bb0px||0px||false|false\u00a0\u00bb custom_padding=\u00a0\u00bb0px||0px||false|false\u00a0\u00bb global_colors_info=\u00a0\u00bb{}\u00a0\u00bb][et_pb_row column_structure=\u00a0\u00bb1_3,2_3&Prime; _builder_version=\u00a0\u00bb4.27.4&Prime; background_size=\u00a0\u00bbinitial\u00a0\u00bb background_position=\u00a0\u00bbtop_left\u00a0\u00bb background_repeat=\u00a0\u00bbrepeat\u00a0\u00bb custom_margin=\u00a0\u00bb||0px||false|false\u00a0\u00bb custom_padding=\u00a0\u00bb||||false|false\u00a0\u00bb global_colors_info=\u00a0\u00bb{}\u00a0\u00bb][et_pb_column type=\u00a0\u00bb1_3&Prime; _builder_version=\u00a0\u00bb4.27.4&Prime; custom_padding=\u00a0\u00bb30px||||false|false\u00a0\u00bb global_colors_info=\u00a0\u00bb{}\u00a0\u00bb custom_padding__hover=\u00a0\u00bb|||\u00a0\u00bb][et_pb_text _builder_version=\u00a0\u00bb4.27.7&Prime; _module_preset=\u00a0\u00bbdefault\u00a0\u00bb global_colors_info=\u00a0\u00bb{}\u00a0\u00bb]<\/p>\n<h4>Lambeaux de souvenirs, 2011<\/h4>\n<p><em><strong>Tirage\u00a0papier baryt\u00e9<\/strong><\/em><\/p>\n<p>Le photographe recueille une empreinte de lumi\u00e8re, trace persistante du vivant. Je n\u2019ai pas fix\u00e9 des bandes d\u2019essai de centenaires et les ai laiss\u00e9es reposer sept ans dans une bo\u00eete. \u00c0 l\u2019ouverture, les images alt\u00e9r\u00e9es devenaient une m\u00e9moire en transformation \u2014 comme des souvenirs qui s\u2019estompent lentement. La photographie fige, mais la mati\u00e8re poursuit son propre devenir.<\/p>\n<p>[\/et_pb_text][et_pb_post_nav in_same_term=\u00a0\u00bbon\u00a0\u00bb prev_text=\u00a0\u00bbSuivant\u00a0\u00bb next_text=\u00a0\u00bbPr\u00e9c\u00e9dent\u00a0\u00bb disabled_on=\u00a0\u00bboff|off|off\u00a0\u00bb admin_label=\u00a0\u00bbNavigation dans les posts\u00a0\u00bb module_class=\u00a0\u00bbnavprojets\u00a0\u00bb _builder_version=\u00a0\u00bb4.27.7&Prime; _module_preset=\u00a0\u00bbdefault\u00a0\u00bb title_text_color=\u00a0\u00bb#000000&Prime; module_alignment=\u00a0\u00bbcenter\u00a0\u00bb custom_margin=\u00a0\u00bb0px|0px|0px|0px|false|false\u00a0\u00bb custom_padding=\u00a0\u00bb|0px||0px|false|false\u00a0\u00bb global_colors_info=\u00a0\u00bb{}\u00a0\u00bb theme_builder_area=\u00a0\u00bbpost_content\u00a0\u00bb][\/et_pb_post_nav][\/et_pb_column][et_pb_column type=\u00a0\u00bb2_3&Prime; _builder_version=\u00a0\u00bb4.16&Prime; custom_padding=\u00a0\u00bb|||\u00a0\u00bb global_colors_info=\u00a0\u00bb{}\u00a0\u00bb custom_padding__hover=\u00a0\u00bb|||\u00a0\u00bb][el_masonry_gallery image_ids=\u00a0\u00bb4901,4900,4899,4898,4897,4896,4895,4894,4893,4892,4891,4890,4889,4887&Prime; image_size=\u00a0\u00bblarge\u00a0\u00bb enable_lightbox=\u00a0\u00bbon\u00a0\u00bb number_of_columns_tablet=\u00a0\u00bb1&Prime; number_of_columns_phone=\u00a0\u00bb1&Prime; number_of_columns_last_edited=\u00a0\u00bbon|tablet\u00a0\u00bb _builder_version=\u00a0\u00bb4.27.7&Prime; _module_preset=\u00a0\u00bbdefault\u00a0\u00bb global_colors_info=\u00a0\u00bb{}\u00a0\u00bb][\/el_masonry_gallery][\/et_pb_column][\/et_pb_row][\/et_pb_section]<\/p>\n","protected":false},"excerpt":{"rendered":"<p>Lambeaux de souvenirs, 2011 Tirage\u00a0papier baryt\u00e9 Le photographe recueille une empreinte de lumi\u00e8re, trace persistante du vivant. Je n\u2019ai pas fix\u00e9 des bandes d\u2019essai de centenaires et les ai laiss\u00e9es reposer sept ans dans une bo\u00eete. \u00c0 l\u2019ouverture, les images alt\u00e9r\u00e9es devenaient une m\u00e9moire en transformation \u2014 comme des souvenirs qui s\u2019estompent lentement. La photographie [&hellip;]<\/p>\n","protected":false},"author":2,"featured_media":6944,"comment_status":"open","ping_status":"closed","template":"","meta":{"_et_pb_use_builder":"on","_et_pb_old_content":"<p><strong>Op\u00e9ra de Guillaume Connesson<\/strong><\/p><p>Mise en sc\u00e8ne Florent Siaud<\/p><p>Sc\u00e9nographie et costumes Philippe Miesch<\/p><p>Th\u00e9\u00e2tre de Compi\u00e8gne, Th\u00e9\u00e2tre de l\u2019Ath\u00e9n\u00e9e 2020<\/p>","_et_gb_content_width":"","inline_featured_image":false,"footnotes":""},"project_category":[19,37],"project_tag":[],"class_list":["post-1989","project","type-project","status-publish","has-post-thumbnail","hentry","project_category-geographies-humaines-portraits-et-territoires","project_category-lambeaux-de-souvenirs"],"_links":{"self":[{"href":"https:\/\/absolument-fab.com\/melody\/wp-json\/wp\/v2\/project\/1989","targetHints":{"allow":["GET"]}}],"collection":[{"href":"https:\/\/absolument-fab.com\/melody\/wp-json\/wp\/v2\/project"}],"about":[{"href":"https:\/\/absolument-fab.com\/melody\/wp-json\/wp\/v2\/types\/project"}],"author":[{"embeddable":true,"href":"https:\/\/absolument-fab.com\/melody\/wp-json\/wp\/v2\/users\/2"}],"replies":[{"embeddable":true,"href":"https:\/\/absolument-fab.com\/melody\/wp-json\/wp\/v2\/comments?post=1989"}],"version-history":[{"count":22,"href":"https:\/\/absolument-fab.com\/melody\/wp-json\/wp\/v2\/project\/1989\/revisions"}],"predecessor-version":[{"id":7513,"href":"https:\/\/absolument-fab.com\/melody\/wp-json\/wp\/v2\/project\/1989\/revisions\/7513"}],"wp:featuredmedia":[{"embeddable":true,"href":"https:\/\/absolument-fab.com\/melody\/wp-json\/wp\/v2\/media\/6944"}],"wp:attachment":[{"href":"https:\/\/absolument-fab.com\/melody\/wp-json\/wp\/v2\/media?parent=1989"}],"wp:term":[{"taxonomy":"project_category","embeddable":true,"href":"https:\/\/absolument-fab.com\/melody\/wp-json\/wp\/v2\/project_category?post=1989"},{"taxonomy":"project_tag","embeddable":true,"href":"https:\/\/absolument-fab.com\/melody\/wp-json\/wp\/v2\/project_tag?post=1989"}],"curies":[{"name":"wp","href":"https:\/\/api.w.org\/{rel}","templated":true}]}}