{"id":939,"date":"2025-05-05T16:17:11","date_gmt":"2025-05-05T14:17:11","guid":{"rendered":"https:\/\/absolument-fab.com\/melody\/?post_type=project&#038;p=939"},"modified":"2026-07-20T09:23:13","modified_gmt":"2026-07-20T07:23:13","slug":"identites-memoires-parcours-dimmigres-en-alsace","status":"publish","type":"project","link":"https:\/\/absolument-fab.com\/melody\/project\/identites-memoires-parcours-dimmigres-en-alsace\/","title":{"rendered":"Identit\u00e9s, m\u00e9moires &#038; parcours d\u2019immigr\u00e9s en Alsace 2011"},"content":{"rendered":"<p>[et_pb_section fb_built=\u00a0\u00bb1&Prime; _builder_version=\u00a0\u00bb4.27.4&Prime; custom_margin=\u00a0\u00bb0px||0px||false|false\u00a0\u00bb custom_padding=\u00a0\u00bb0px||0px||false|false\u00a0\u00bb global_colors_info=\u00a0\u00bb{}\u00a0\u00bb][et_pb_row column_structure=\u00a0\u00bb1_3,2_3&Prime; _builder_version=\u00a0\u00bb4.27.4&Prime; background_size=\u00a0\u00bbinitial\u00a0\u00bb background_position=\u00a0\u00bbtop_left\u00a0\u00bb background_repeat=\u00a0\u00bbrepeat\u00a0\u00bb custom_margin=\u00a0\u00bb||0px||false|false\u00a0\u00bb custom_padding=\u00a0\u00bb||||false|false\u00a0\u00bb global_colors_info=\u00a0\u00bb{}\u00a0\u00bb][et_pb_column type=\u00a0\u00bb1_3&Prime; _builder_version=\u00a0\u00bb4.27.4&Prime; custom_padding=\u00a0\u00bb30px||||false|false\u00a0\u00bb global_colors_info=\u00a0\u00bb{}\u00a0\u00bb custom_padding__hover=\u00a0\u00bb|||\u00a0\u00bb][et_pb_text _builder_version=\u00a0\u00bb4.27.7&Prime; header_2_font_size=\u00a0\u00bb28px\u00a0\u00bb background_size=\u00a0\u00bbinitial\u00a0\u00bb background_position=\u00a0\u00bbtop_left\u00a0\u00bb background_repeat=\u00a0\u00bbrepeat\u00a0\u00bb hover_enabled=\u00a0\u00bb0&Prime; global_colors_info=\u00a0\u00bb{}\u00a0\u00bb sticky_enabled=\u00a0\u00bb0&Prime;]<\/p>\n<h4>Identit\u00e9s, m\u00e9moires &amp; parcours d\u2019immigr\u00e9s <br \/>en Alsace<\/h4>\n<p>2011<\/p>\n<p>[\/et_pb_text][et_pb_post_nav in_same_term=\u00a0\u00bbon\u00a0\u00bb prev_text=\u00a0\u00bbSuivant\u00a0\u00bb next_text=\u00a0\u00bbPr\u00e9c\u00e9dent\u00a0\u00bb disabled_on=\u00a0\u00bboff|off|off\u00a0\u00bb admin_label=\u00a0\u00bbNavigation dans les posts\u00a0\u00bb module_class=\u00a0\u00bbnavprojets\u00a0\u00bb _builder_version=\u00a0\u00bb4.27.7&Prime; _module_preset=\u00a0\u00bbdefault\u00a0\u00bb title_text_color=\u00a0\u00bb#000000&Prime; module_alignment=\u00a0\u00bbcenter\u00a0\u00bb custom_margin=\u00a0\u00bb0px|0px|0px|0px|false|false\u00a0\u00bb custom_padding=\u00a0\u00bb|0px||0px|false|false\u00a0\u00bb global_colors_info=\u00a0\u00bb{}\u00a0\u00bb theme_builder_area=\u00a0\u00bbpost_content\u00a0\u00bb][\/et_pb_post_nav][\/et_pb_column][et_pb_column type=\u00a0\u00bb2_3&Prime; _builder_version=\u00a0\u00bb4.16&Prime; custom_padding=\u00a0\u00bb|||\u00a0\u00bb global_colors_info=\u00a0\u00bb{}\u00a0\u00bb custom_padding__hover=\u00a0\u00bb|||\u00a0\u00bb][el_dynamic_masonry_gallery number_of_images=\u00a0\u00bb100&Prime; gallery_order_by=\u00a0\u00bbtitle\u00a0\u00bb gallery_order=\u00a0\u00bbASC\u00a0\u00bb include_categories=\u00a0\u00bb50&Prime; number_of_columns=\u00a0\u00bb2&Prime; image_size=\u00a0\u00bblarge\u00a0\u00bb enable_lightbox=\u00a0\u00bbon\u00a0\u00bb number_of_columns_tablet=\u00a0\u00bb2&Prime; number_of_columns_phone=\u00a0\u00bb1&Prime; number_of_columns_last_edited=\u00a0\u00bbon|phone\u00a0\u00bb _builder_version=\u00a0\u00bb4.27.6&Prime; _module_preset=\u00a0\u00bbdefault\u00a0\u00bb global_colors_info=\u00a0\u00bb{}\u00a0\u00bb][\/el_dynamic_masonry_gallery][\/et_pb_column][\/et_pb_row][\/et_pb_section]<\/p>\n","protected":false},"excerpt":{"rendered":"<p>Identit\u00e9s, m\u00e9moires &amp; parcours d\u2019immigr\u00e9s en Alsace 2011<div class=\"et_pb_module el_dynamic_masonry_gallery el_dynamic_masonry_gallery_0\">\n\t\t\t\t\n\t\t\t\t\n\t\t\t\t\n\t\t\t\t\n\t\t\t\t\n\t\t\t\t\n\t\t\t\t<div class=\"et_pb_module_inner\">\n\t\t\t\t\t\n\t\t\t\t<div class=\"el_masonry_gallery_wrapper\"data-enable_lightbox=\"on\" data-lightbox_effect=\"none\" data-enable_navigation=\"on\" data-isotope_transition_duration=\"400\">\n\t\t\t\t\t<div class=\"el_masonry_gallery_item_gutter\"><\/div>\n\t\t\t\t\t<div data-mfp-src=\"https:\/\/absolument-fab.com\/melody\/wp-content\/uploads\/2026\/05\/parcours-d-immigrs-en-Alsace00.jpg\" class=\"el_masonry_gallery_item el_masonry_gallery_item_page_1\">\n\t\t\t\t\t\t\t<div class=\"el_masonry_gallery_image_wrapper\"><img width=\"670\" height=\"457\" src=\"https:\/\/absolument-fab.com\/melody\/wp-content\/uploads\/2026\/05\/parcours-d-immigrs-en-Alsace00.jpg\" class=\"attachment-large size-large no-lazyload skip-lazy identites-memoires-parcours-dimmigres-en-alsace\" alt=\"\" data-categories=\"50\" decoding=\"async\" loading=\"lazy\" srcset=\"https:\/\/absolument-fab.com\/melody\/wp-content\/uploads\/2026\/05\/parcours-d-immigrs-en-Alsace00.jpg 670w, https:\/\/absolument-fab.com\/melody\/wp-content\/uploads\/2026\/05\/parcours-d-immigrs-en-Alsace00-480x327.jpg 480w\" sizes=\"(min-width: 0px) and (max-width: 480px) 480px, (min-width: 481px) 670px, 100vw\" \/> <\/div>\n\t\t\t\t\t\t\t\n\t\t\t\t\t\t<\/div><div data-mfp-src=\"https:\/\/absolument-fab.com\/melody\/wp-content\/uploads\/2026\/05\/parcours-d-immigrs-en-Alsace01.jpg\" class=\"el_masonry_gallery_item el_masonry_gallery_item_page_1\">\n\t\t\t\t\t\t\t<div class=\"el_masonry_gallery_image_wrapper\"><img width=\"670\" height=\"457\" src=\"https:\/\/absolument-fab.com\/melody\/wp-content\/uploads\/2026\/05\/parcours-d-immigrs-en-Alsace01.jpg\" class=\"attachment-large size-large no-lazyload skip-lazy identites-memoires-parcours-dimmigres-en-alsace\" alt=\"\" data-categories=\"50\" decoding=\"async\" loading=\"lazy\" srcset=\"https:\/\/absolument-fab.com\/melody\/wp-content\/uploads\/2026\/05\/parcours-d-immigrs-en-Alsace01.jpg 670w, https:\/\/absolument-fab.com\/melody\/wp-content\/uploads\/2026\/05\/parcours-d-immigrs-en-Alsace01-480x327.jpg 480w\" sizes=\"(min-width: 0px) and (max-width: 480px) 480px, (min-width: 481px) 670px, 100vw\" \/> <\/div>\n\t\t\t\t\t\t\t\n\t\t\t\t\t\t<\/div><div data-mfp-src=\"https:\/\/absolument-fab.com\/melody\/wp-content\/uploads\/2026\/05\/parcours-d-immigrs-en-Alsace02.jpg\" class=\"el_masonry_gallery_item el_masonry_gallery_item_page_1\">\n\t\t\t\t\t\t\t<div class=\"el_masonry_gallery_image_wrapper\"><img width=\"670\" height=\"457\" src=\"https:\/\/absolument-fab.com\/melody\/wp-content\/uploads\/2026\/05\/parcours-d-immigrs-en-Alsace02.jpg\" class=\"attachment-large size-large no-lazyload skip-lazy identites-memoires-parcours-dimmigres-en-alsace\" alt=\"\" data-categories=\"50\" decoding=\"async\" loading=\"lazy\" srcset=\"https:\/\/absolument-fab.com\/melody\/wp-content\/uploads\/2026\/05\/parcours-d-immigrs-en-Alsace02.jpg 670w, https:\/\/absolument-fab.com\/melody\/wp-content\/uploads\/2026\/05\/parcours-d-immigrs-en-Alsace02-480x327.jpg 480w\" sizes=\"(min-width: 0px) and (max-width: 480px) 480px, (min-width: 481px) 670px, 100vw\" \/> <\/div>\n\t\t\t\t\t\t\t\n\t\t\t\t\t\t<\/div><div data-mfp-src=\"https:\/\/absolument-fab.com\/melody\/wp-content\/uploads\/2026\/05\/parcours-d-immigrs-en-Alsace03.jpg\" class=\"el_masonry_gallery_item el_masonry_gallery_item_page_1\">\n\t\t\t\t\t\t\t<div class=\"el_masonry_gallery_image_wrapper\"><img width=\"670\" height=\"457\" src=\"https:\/\/absolument-fab.com\/melody\/wp-content\/uploads\/2026\/05\/parcours-d-immigrs-en-Alsace03.jpg\" class=\"attachment-large size-large no-lazyload skip-lazy identites-memoires-parcours-dimmigres-en-alsace\" alt=\"\" data-categories=\"50\" decoding=\"async\" loading=\"lazy\" srcset=\"https:\/\/absolument-fab.com\/melody\/wp-content\/uploads\/2026\/05\/parcours-d-immigrs-en-Alsace03.jpg 670w, https:\/\/absolument-fab.com\/melody\/wp-content\/uploads\/2026\/05\/parcours-d-immigrs-en-Alsace03-480x327.jpg 480w\" sizes=\"(min-width: 0px) and (max-width: 480px) 480px, (min-width: 481px) 670px, 100vw\" \/> <\/div>\n\t\t\t\t\t\t\t\n\t\t\t\t\t\t<\/div><div data-mfp-src=\"https:\/\/absolument-fab.com\/melody\/wp-content\/uploads\/2026\/05\/parcours-d-immigrs-en-Alsace04.jpg\" class=\"el_masonry_gallery_item el_masonry_gallery_item_page_1\">\n\t\t\t\t\t\t\t<div class=\"el_masonry_gallery_image_wrapper\"><img width=\"670\" height=\"457\" src=\"https:\/\/absolument-fab.com\/melody\/wp-content\/uploads\/2026\/05\/parcours-d-immigrs-en-Alsace04.jpg\" class=\"attachment-large size-large no-lazyload skip-lazy identites-memoires-parcours-dimmigres-en-alsace\" alt=\"\" data-categories=\"50\" decoding=\"async\" loading=\"lazy\" srcset=\"https:\/\/absolument-fab.com\/melody\/wp-content\/uploads\/2026\/05\/parcours-d-immigrs-en-Alsace04.jpg 670w, https:\/\/absolument-fab.com\/melody\/wp-content\/uploads\/2026\/05\/parcours-d-immigrs-en-Alsace04-480x327.jpg 480w\" sizes=\"(min-width: 0px) and (max-width: 480px) 480px, (min-width: 481px) 670px, 100vw\" \/> <\/div>\n\t\t\t\t\t\t\t\n\t\t\t\t\t\t<\/div><div data-mfp-src=\"https:\/\/absolument-fab.com\/melody\/wp-content\/uploads\/2026\/05\/parcours-d-immigrs-en-Alsace05.jpg\" class=\"el_masonry_gallery_item el_masonry_gallery_item_page_1\">\n\t\t\t\t\t\t\t<div class=\"el_masonry_gallery_image_wrapper\"><img width=\"670\" height=\"457\" src=\"https:\/\/absolument-fab.com\/melody\/wp-content\/uploads\/2026\/05\/parcours-d-immigrs-en-Alsace05.jpg\" class=\"attachment-large size-large no-lazyload skip-lazy identites-memoires-parcours-dimmigres-en-alsace\" alt=\"\" data-categories=\"50\" decoding=\"async\" loading=\"lazy\" srcset=\"https:\/\/absolument-fab.com\/melody\/wp-content\/uploads\/2026\/05\/parcours-d-immigrs-en-Alsace05.jpg 670w, https:\/\/absolument-fab.com\/melody\/wp-content\/uploads\/2026\/05\/parcours-d-immigrs-en-Alsace05-480x327.jpg 480w\" sizes=\"(min-width: 0px) and (max-width: 480px) 480px, (min-width: 481px) 670px, 100vw\" \/> <\/div>\n\t\t\t\t\t\t\t\n\t\t\t\t\t\t<\/div><div data-mfp-src=\"https:\/\/absolument-fab.com\/melody\/wp-content\/uploads\/2026\/05\/parcours-d-immigrs-en-Alsace06.jpg\" class=\"el_masonry_gallery_item el_masonry_gallery_item_page_1\">\n\t\t\t\t\t\t\t<div class=\"el_masonry_gallery_image_wrapper\"><img width=\"670\" height=\"457\" src=\"https:\/\/absolument-fab.com\/melody\/wp-content\/uploads\/2026\/05\/parcours-d-immigrs-en-Alsace06.jpg\" class=\"attachment-large size-large no-lazyload skip-lazy identites-memoires-parcours-dimmigres-en-alsace\" alt=\"\" data-categories=\"50\" decoding=\"async\" loading=\"lazy\" srcset=\"https:\/\/absolument-fab.com\/melody\/wp-content\/uploads\/2026\/05\/parcours-d-immigrs-en-Alsace06.jpg 670w, https:\/\/absolument-fab.com\/melody\/wp-content\/uploads\/2026\/05\/parcours-d-immigrs-en-Alsace06-480x327.jpg 480w\" sizes=\"(min-width: 0px) and (max-width: 480px) 480px, (min-width: 481px) 670px, 100vw\" \/> <\/div>\n\t\t\t\t\t\t\t\n\t\t\t\t\t\t<\/div><div data-mfp-src=\"https:\/\/absolument-fab.com\/melody\/wp-content\/uploads\/2026\/05\/parcours-d-immigrs-en-Alsace07.jpg\" class=\"el_masonry_gallery_item el_masonry_gallery_item_page_1\">\n\t\t\t\t\t\t\t<div class=\"el_masonry_gallery_image_wrapper\"><img width=\"670\" height=\"457\" src=\"https:\/\/absolument-fab.com\/melody\/wp-content\/uploads\/2026\/05\/parcours-d-immigrs-en-Alsace07.jpg\" class=\"attachment-large size-large no-lazyload skip-lazy identites-memoires-parcours-dimmigres-en-alsace\" alt=\"\" data-categories=\"50\" decoding=\"async\" loading=\"lazy\" srcset=\"https:\/\/absolument-fab.com\/melody\/wp-content\/uploads\/2026\/05\/parcours-d-immigrs-en-Alsace07.jpg 670w, https:\/\/absolument-fab.com\/melody\/wp-content\/uploads\/2026\/05\/parcours-d-immigrs-en-Alsace07-480x327.jpg 480w\" sizes=\"(min-width: 0px) and (max-width: 480px) 480px, (min-width: 481px) 670px, 100vw\" \/> <\/div>\n\t\t\t\t\t\t\t\n\t\t\t\t\t\t<\/div><div data-mfp-src=\"https:\/\/absolument-fab.com\/melody\/wp-content\/uploads\/2026\/05\/parcours-d-immigrs-en-Alsace08.jpg\" class=\"el_masonry_gallery_item el_masonry_gallery_item_page_1\">\n\t\t\t\t\t\t\t<div class=\"el_masonry_gallery_image_wrapper\"><img width=\"670\" height=\"457\" src=\"https:\/\/absolument-fab.com\/melody\/wp-content\/uploads\/2026\/05\/parcours-d-immigrs-en-Alsace08.jpg\" class=\"attachment-large size-large no-lazyload skip-lazy identites-memoires-parcours-dimmigres-en-alsace\" alt=\"\" data-categories=\"50\" decoding=\"async\" loading=\"lazy\" srcset=\"https:\/\/absolument-fab.com\/melody\/wp-content\/uploads\/2026\/05\/parcours-d-immigrs-en-Alsace08.jpg 670w, https:\/\/absolument-fab.com\/melody\/wp-content\/uploads\/2026\/05\/parcours-d-immigrs-en-Alsace08-480x327.jpg 480w\" sizes=\"(min-width: 0px) and (max-width: 480px) 480px, (min-width: 481px) 670px, 100vw\" \/> <\/div>\n\t\t\t\t\t\t\t\n\t\t\t\t\t\t<\/div><div data-mfp-src=\"https:\/\/absolument-fab.com\/melody\/wp-content\/uploads\/2026\/05\/parcours-d-immigrs-en-Alsace09.jpg\" class=\"el_masonry_gallery_item el_masonry_gallery_item_page_1\">\n\t\t\t\t\t\t\t<div class=\"el_masonry_gallery_image_wrapper\"><img width=\"670\" height=\"440\" src=\"https:\/\/absolument-fab.com\/melody\/wp-content\/uploads\/2026\/05\/parcours-d-immigrs-en-Alsace09.jpg\" class=\"attachment-large size-large no-lazyload skip-lazy identites-memoires-parcours-dimmigres-en-alsace\" alt=\"\" data-categories=\"50\" decoding=\"async\" loading=\"lazy\" srcset=\"https:\/\/absolument-fab.com\/melody\/wp-content\/uploads\/2026\/05\/parcours-d-immigrs-en-Alsace09.jpg 670w, https:\/\/absolument-fab.com\/melody\/wp-content\/uploads\/2026\/05\/parcours-d-immigrs-en-Alsace09-480x315.jpg 480w\" sizes=\"(min-width: 0px) and (max-width: 480px) 480px, (min-width: 481px) 670px, 100vw\" \/> <\/div>\n\t\t\t\t\t\t\t\n\t\t\t\t\t\t<\/div><div data-mfp-src=\"https:\/\/absolument-fab.com\/melody\/wp-content\/uploads\/2026\/05\/parcours-d-immigrs-en-Alsace10.jpg\" class=\"el_masonry_gallery_item el_masonry_gallery_item_page_1\">\n\t\t\t\t\t\t\t<div class=\"el_masonry_gallery_image_wrapper\"><img width=\"670\" height=\"457\" src=\"https:\/\/absolument-fab.com\/melody\/wp-content\/uploads\/2026\/05\/parcours-d-immigrs-en-Alsace10.jpg\" class=\"attachment-large size-large no-lazyload skip-lazy identites-memoires-parcours-dimmigres-en-alsace\" alt=\"\" data-categories=\"50\" decoding=\"async\" loading=\"lazy\" srcset=\"https:\/\/absolument-fab.com\/melody\/wp-content\/uploads\/2026\/05\/parcours-d-immigrs-en-Alsace10.jpg 670w, https:\/\/absolument-fab.com\/melody\/wp-content\/uploads\/2026\/05\/parcours-d-immigrs-en-Alsace10-480x327.jpg 480w\" sizes=\"(min-width: 0px) and (max-width: 480px) 480px, (min-width: 481px) 670px, 100vw\" \/> <\/div>\n\t\t\t\t\t\t\t\n\t\t\t\t\t\t<\/div><div data-mfp-src=\"https:\/\/absolument-fab.com\/melody\/wp-content\/uploads\/2026\/05\/parcours-d-immigrs-en-Alsace11.jpg\" class=\"el_masonry_gallery_item el_masonry_gallery_item_page_1\">\n\t\t\t\t\t\t\t<div class=\"el_masonry_gallery_image_wrapper\"><img width=\"670\" height=\"457\" src=\"https:\/\/absolument-fab.com\/melody\/wp-content\/uploads\/2026\/05\/parcours-d-immigrs-en-Alsace11.jpg\" class=\"attachment-large size-large no-lazyload skip-lazy identites-memoires-parcours-dimmigres-en-alsace\" alt=\"\" data-categories=\"50\" decoding=\"async\" loading=\"lazy\" srcset=\"https:\/\/absolument-fab.com\/melody\/wp-content\/uploads\/2026\/05\/parcours-d-immigrs-en-Alsace11.jpg 670w, https:\/\/absolument-fab.com\/melody\/wp-content\/uploads\/2026\/05\/parcours-d-immigrs-en-Alsace11-480x327.jpg 480w\" sizes=\"(min-width: 0px) and (max-width: 480px) 480px, (min-width: 481px) 670px, 100vw\" \/> <\/div>\n\t\t\t\t\t\t\t\n\t\t\t\t\t\t<\/div><div data-mfp-src=\"https:\/\/absolument-fab.com\/melody\/wp-content\/uploads\/2026\/05\/parcours-d-immigrs-en-Alsace12.jpg\" class=\"el_masonry_gallery_item el_masonry_gallery_item_page_1\">\n\t\t\t\t\t\t\t<div class=\"el_masonry_gallery_image_wrapper\"><img width=\"670\" height=\"457\" src=\"https:\/\/absolument-fab.com\/melody\/wp-content\/uploads\/2026\/05\/parcours-d-immigrs-en-Alsace12.jpg\" class=\"attachment-large size-large no-lazyload skip-lazy identites-memoires-parcours-dimmigres-en-alsace\" alt=\"\" data-categories=\"50\" decoding=\"async\" loading=\"lazy\" srcset=\"https:\/\/absolument-fab.com\/melody\/wp-content\/uploads\/2026\/05\/parcours-d-immigrs-en-Alsace12.jpg 670w, https:\/\/absolument-fab.com\/melody\/wp-content\/uploads\/2026\/05\/parcours-d-immigrs-en-Alsace12-480x327.jpg 480w\" sizes=\"(min-width: 0px) and (max-width: 480px) 480px, (min-width: 481px) 670px, 100vw\" \/> <\/div>\n\t\t\t\t\t\t\t\n\t\t\t\t\t\t<\/div><div data-mfp-src=\"https:\/\/absolument-fab.com\/melody\/wp-content\/uploads\/2026\/05\/parcours-d-immigrs-en-Alsace13.jpg\" class=\"el_masonry_gallery_item el_masonry_gallery_item_page_1\">\n\t\t\t\t\t\t\t<div class=\"el_masonry_gallery_image_wrapper\"><img width=\"670\" height=\"457\" src=\"https:\/\/absolument-fab.com\/melody\/wp-content\/uploads\/2026\/05\/parcours-d-immigrs-en-Alsace13.jpg\" class=\"attachment-large size-large no-lazyload skip-lazy identites-memoires-parcours-dimmigres-en-alsace\" alt=\"\" data-categories=\"50\" decoding=\"async\" loading=\"lazy\" srcset=\"https:\/\/absolument-fab.com\/melody\/wp-content\/uploads\/2026\/05\/parcours-d-immigrs-en-Alsace13.jpg 670w, https:\/\/absolument-fab.com\/melody\/wp-content\/uploads\/2026\/05\/parcours-d-immigrs-en-Alsace13-480x327.jpg 480w\" sizes=\"(min-width: 0px) and (max-width: 480px) 480px, (min-width: 481px) 670px, 100vw\" \/> <\/div>\n\t\t\t\t\t\t\t\n\t\t\t\t\t\t<\/div><div data-mfp-src=\"https:\/\/absolument-fab.com\/melody\/wp-content\/uploads\/2026\/05\/parcours-d-immigrs-en-Alsace14.jpg\" class=\"el_masonry_gallery_item el_masonry_gallery_item_page_1\">\n\t\t\t\t\t\t\t<div class=\"el_masonry_gallery_image_wrapper\"><img width=\"670\" height=\"472\" src=\"https:\/\/absolument-fab.com\/melody\/wp-content\/uploads\/2026\/05\/parcours-d-immigrs-en-Alsace14.jpg\" class=\"attachment-large size-large no-lazyload skip-lazy identites-memoires-parcours-dimmigres-en-alsace\" alt=\"\" data-categories=\"50\" decoding=\"async\" loading=\"lazy\" srcset=\"https:\/\/absolument-fab.com\/melody\/wp-content\/uploads\/2026\/05\/parcours-d-immigrs-en-Alsace14.jpg 670w, https:\/\/absolument-fab.com\/melody\/wp-content\/uploads\/2026\/05\/parcours-d-immigrs-en-Alsace14-480x338.jpg 480w\" sizes=\"(min-width: 0px) and (max-width: 480px) 480px, (min-width: 481px) 670px, 100vw\" \/> <\/div>\n\t\t\t\t\t\t\t\n\t\t\t\t\t\t<\/div>\n\t\t\t\t<\/div>\n\t\t\t\t\n\t\t\t\t<\/div>\n\t\t\t<\/div><\/p>\n","protected":false},"author":1,"featured_media":5726,"comment_status":"open","ping_status":"closed","template":"","meta":{"_et_pb_use_builder":"on","_et_pb_old_content":"<p><strong>Op\u00e9ra de Guillaume Connesson<\/strong><\/p><p>Mise en sc\u00e8ne Florent Siaud<\/p><p>Sc\u00e9nographie et costumes Philippe Miesch<\/p><p>Th\u00e9\u00e2tre de Compi\u00e8gne, Th\u00e9\u00e2tre de l\u2019Ath\u00e9n\u00e9e 2020<\/p>","_et_gb_content_width":"","inline_featured_image":false,"footnotes":""},"project_category":[60,57],"project_tag":[],"class_list":["post-939","project","type-project","status-publish","has-post-thumbnail","hentry","project_category-identites-memoires-parcours-dimmigres-en-alsace","project_category-identites-et-territoires"],"_links":{"self":[{"href":"https:\/\/absolument-fab.com\/melody\/wp-json\/wp\/v2\/project\/939","targetHints":{"allow":["GET"]}}],"collection":[{"href":"https:\/\/absolument-fab.com\/melody\/wp-json\/wp\/v2\/project"}],"about":[{"href":"https:\/\/absolument-fab.com\/melody\/wp-json\/wp\/v2\/types\/project"}],"author":[{"embeddable":true,"href":"https:\/\/absolument-fab.com\/melody\/wp-json\/wp\/v2\/users\/1"}],"replies":[{"embeddable":true,"href":"https:\/\/absolument-fab.com\/melody\/wp-json\/wp\/v2\/comments?post=939"}],"version-history":[{"count":10,"href":"https:\/\/absolument-fab.com\/melody\/wp-json\/wp\/v2\/project\/939\/revisions"}],"predecessor-version":[{"id":7549,"href":"https:\/\/absolument-fab.com\/melody\/wp-json\/wp\/v2\/project\/939\/revisions\/7549"}],"wp:featuredmedia":[{"embeddable":true,"href":"https:\/\/absolument-fab.com\/melody\/wp-json\/wp\/v2\/media\/5726"}],"wp:attachment":[{"href":"https:\/\/absolument-fab.com\/melody\/wp-json\/wp\/v2\/media?parent=939"}],"wp:term":[{"taxonomy":"project_category","embeddable":true,"href":"https:\/\/absolument-fab.com\/melody\/wp-json\/wp\/v2\/project_category?post=939"},{"taxonomy":"project_tag","embeddable":true,"href":"https:\/\/absolument-fab.com\/melody\/wp-json\/wp\/v2\/project_tag?post=939"}],"curies":[{"name":"wp","href":"https:\/\/api.w.org\/{rel}","templated":true}]}}